{"id":24144,"date":"2024-05-31T09:21:33","date_gmt":"2024-05-31T07:21:33","guid":{"rendered":"https:\/\/www.tmfcyclingpad.com\/?page_id=24144"},"modified":"2025-07-07T06:18:34","modified_gmt":"2025-07-07T04:18:34","slug":"blog","status":"publish","type":"page","link":"https:\/\/www.tmfcyclingpad.com\/it\/blog\/","title":{"rendered":"Blog"},"content":{"rendered":"\t<section class=\"section dark\" id=\"section_1798812999\">\n\t\t<div class=\"bg section-bg fill bg-fill  bg-loaded\" >\n\n\t\t\t\n\t\t\t<div class=\"section-bg-overlay absolute fill\"><\/div>\n\t\t\t\n\n\t\t<\/div>\n\n\t\t\n\n\t\t<div class=\"section-content relative\">\n\t\t\t\n<div class=\"row align-center\"  id=\"row-2016261586\">\n\n\t<div id=\"col-1191688327\" class=\"col medium-8 small-12 large-6\"  >\n\t\t\t\t<div class=\"col-inner text-center\"  >\n\t\t\t\n\t\t\t\n\t<div id=\"gap-1631701846\" class=\"gap-element clearfix\" style=\"display:block; height:auto;\">\n\t\t\n<style>\n#gap-1631701846 {\n  padding-top: 30px;\n}\n<\/style>\n\t<\/div>\n\t\n\t<div id=\"text-3055865823\" class=\"text\">\n\t\t\n<h2>Iscriviti alla newsletter<\/h2>\n\t\t\n<style>\n#text-3055865823 {\n  font-size: 1.75rem;\n}\n@media (min-width:550px) {\n  #text-3055865823 {\n    font-size: 1.5rem;\n  }\n}\n<\/style>\n\t<\/div>\n\t\n<p>Ricevi tutti gli aggiornamenti e le news sul mondo dei fondelli per il ciclismo di alta qualit\u00e0. Rispettiamo la tua privacy: i tuoi dati sono al sicuro e non verranno ceduti a terzi.<\/p>\n<div class=\"row\"  id=\"row-149844957\">\n\n\t<div id=\"col-1667138861\" class=\"col medium-9 small-10 large-9\"  >\n\t\t\t\t<div class=\"col-inner\"  >\n\t\t\t\n\t\t\t\n\n<div class=\"wpcf7 no-js\" id=\"wpcf7-f24551-o1\" lang=\"en-US\" dir=\"ltr\" data-wpcf7-id=\"24551\">\n<div class=\"screen-reader-response\"><p role=\"status\" aria-live=\"polite\" aria-atomic=\"true\"><\/p> <ul><\/ul><\/div>\n<form action=\"\/it\/wp-json\/wp\/v2\/pages\/24144#wpcf7-f24551-o1\" method=\"post\" class=\"wpcf7-form init\" aria-label=\"Contact form\" novalidate=\"novalidate\" data-status=\"init\">\n<fieldset class=\"hidden-fields-container\"><input type=\"hidden\" name=\"_wpcf7\" value=\"24551\" \/><input type=\"hidden\" name=\"_wpcf7_version\" value=\"6.1.5\" \/><input type=\"hidden\" name=\"_wpcf7_locale\" value=\"en_US\" \/><input type=\"hidden\" name=\"_wpcf7_unit_tag\" value=\"wpcf7-f24551-o1\" \/><input type=\"hidden\" name=\"_wpcf7_container_post\" value=\"0\" \/><input type=\"hidden\" name=\"_wpcf7_posted_data_hash\" value=\"\" \/>\n<\/fieldset>\n<p><label>Email*<\/label><br \/>\n<span class=\"wpcf7-form-control-wrap\" data-name=\"email\"><input size=\"40\" maxlength=\"400\" class=\"wpcf7-form-control wpcf7-email wpcf7-validates-as-required wpcf7-text wpcf7-validates-as-email\" aria-required=\"true\" aria-invalid=\"false\" value=\"\" type=\"email\" name=\"email\" \/><\/span>\n<\/p>\n<p><label>Paese*<\/label><br \/>\n<span class=\"wpcf7-form-control-wrap\" data-name=\"paese\"><select class=\"wpcf7-form-control wpcf7-select wpcf7-validates-as-required\" aria-required=\"true\" aria-invalid=\"false\" name=\"paese\"><option value=\"Italia\">Italia<\/option><option value=\"Afghanistan\">Afghanistan<\/option><option value=\"Albania\">Albania<\/option><option value=\"Algeria\">Algeria<\/option><option value=\"Andorra\">Andorra<\/option><option value=\"Angola\">Angola<\/option><option value=\"Antigua and Barbuda\">Antigua and Barbuda<\/option><option value=\"Argentina\">Argentina<\/option><option value=\"Armenia\">Armenia<\/option><option value=\"Australia\">Australia<\/option><option value=\"Austria\">Austria<\/option><option value=\"Azerbaijan\">Azerbaijan<\/option><option value=\"Bahamas\">Bahamas<\/option><option value=\"Bahrain\">Bahrain<\/option><option value=\"Bangladesh\">Bangladesh<\/option><option value=\"Barbados\">Barbados<\/option><option value=\"Belarus\">Belarus<\/option><option value=\"Belgium\">Belgium<\/option><option value=\"Belize\">Belize<\/option><option value=\"Benin\">Benin<\/option><option value=\"Bhutan\">Bhutan<\/option><option value=\"Bolivia\">Bolivia<\/option><option value=\"Bosnia and Herzegovina\">Bosnia and Herzegovina<\/option><option value=\"Botswana\">Botswana<\/option><option value=\"Brazil\">Brazil<\/option><option value=\"Brunei\">Brunei<\/option><option value=\"Bulgaria\">Bulgaria<\/option><option value=\"Burkina Faso\">Burkina Faso<\/option><option value=\"Burundi\">Burundi<\/option><option value=\"Cabo Verde\">Cabo Verde<\/option><option value=\"Cambodia\">Cambodia<\/option><option value=\"Cameroon\">Cameroon<\/option><option value=\"Canada\">Canada<\/option><option value=\"Central African Republic\">Central African Republic<\/option><option value=\"Chad\">Chad<\/option><option value=\"Chile\">Chile<\/option><option value=\"China\">China<\/option><option value=\"Colombia\">Colombia<\/option><option value=\"Comoros\">Comoros<\/option><option value=\"Congo, Democratic Republic of the\">Congo, Democratic Republic of the<\/option><option value=\"Congo, Republic of the\">Congo, Republic of the<\/option><option value=\"Costa Rica\">Costa Rica<\/option><option value=\"Croatia\">Croatia<\/option><option value=\"Cuba\">Cuba<\/option><option value=\"Cyprus\">Cyprus<\/option><option value=\"Czech Republic\">Czech Republic<\/option><option value=\"Denmark\">Denmark<\/option><option value=\"Djibouti\">Djibouti<\/option><option value=\"Dominica\">Dominica<\/option><option value=\"Dominican Republic\">Dominican Republic<\/option><option value=\"East Timor\">East Timor<\/option><option value=\"Ecuador\">Ecuador<\/option><option value=\"Egypt\">Egypt<\/option><option value=\"El Salvador\">El Salvador<\/option><option value=\"Equatorial Guinea\">Equatorial Guinea<\/option><option value=\"Eritrea\">Eritrea<\/option><option value=\"Estonia\">Estonia<\/option><option value=\"Eswatini\">Eswatini<\/option><option value=\"Ethiopia\">Ethiopia<\/option><option value=\"Fiji\">Fiji<\/option><option value=\"Finland\">Finland<\/option><option value=\"France\">France<\/option><option value=\"Gabon\">Gabon<\/option><option value=\"Gambia\">Gambia<\/option><option value=\"Georgia\">Georgia<\/option><option value=\"Germany\">Germany<\/option><option value=\"Ghana\">Ghana<\/option><option value=\"Greece\">Greece<\/option><option value=\"Grenada\">Grenada<\/option><option value=\"Guatemala\">Guatemala<\/option><option value=\"Guinea\">Guinea<\/option><option value=\"Guinea-Bissau\">Guinea-Bissau<\/option><option value=\"Guyana\">Guyana<\/option><option value=\"Haiti\">Haiti<\/option><option value=\"Honduras\">Honduras<\/option><option value=\"Hungary\">Hungary<\/option><option value=\"Iceland\">Iceland<\/option><option value=\"India\">India<\/option><option value=\"Indonesia\">Indonesia<\/option><option value=\"Iran\">Iran<\/option><option value=\"Iraq\">Iraq<\/option><option value=\"Ireland\">Ireland<\/option><option value=\"Israel\">Israel<\/option><option value=\"Jamaica\">Jamaica<\/option><option value=\"Japan\">Japan<\/option><option value=\"Jordan\">Jordan<\/option><option value=\"Kazakhstan\">Kazakhstan<\/option><option value=\"Kenya\">Kenya<\/option><option value=\"Kiribati\">Kiribati<\/option><option value=\"Korea, North\">Korea, North<\/option><option value=\"Korea, South\">Korea, South<\/option><option value=\"Kosovo\">Kosovo<\/option><option value=\"Kuwait\">Kuwait<\/option><option value=\"Kyrgyzstan\">Kyrgyzstan<\/option><option value=\"Laos\">Laos<\/option><option value=\"Latvia\">Latvia<\/option><option value=\"Lebanon\">Lebanon<\/option><option value=\"Lesotho\">Lesotho<\/option><option value=\"Liberia\">Liberia<\/option><option value=\"Libya\">Libya<\/option><option value=\"Liechtenstein\">Liechtenstein<\/option><option value=\"Lithuania\">Lithuania<\/option><option value=\"Luxembourg\">Luxembourg<\/option><option value=\"Madagascar\">Madagascar<\/option><option value=\"Malawi\">Malawi<\/option><option value=\"Malaysia\">Malaysia<\/option><option value=\"Maldives\">Maldives<\/option><option value=\"Mali\">Mali<\/option><option value=\"Malta\">Malta<\/option><option value=\"Marshall Islands\">Marshall Islands<\/option><option value=\"Mauritania\">Mauritania<\/option><option value=\"Mauritius\">Mauritius<\/option><option value=\"Mexico\">Mexico<\/option><option value=\"Micronesia\">Micronesia<\/option><option value=\"Moldova\">Moldova<\/option><option value=\"Monaco\">Monaco<\/option><option value=\"Mongolia\">Mongolia<\/option><option value=\"Montenegro\">Montenegro<\/option><option value=\"Morocco\">Morocco<\/option><option value=\"Mozambique\">Mozambique<\/option><option value=\"Myanmar\">Myanmar<\/option><option value=\"Namibia\">Namibia<\/option><option value=\"Nauru\">Nauru<\/option><option value=\"Nepal\">Nepal<\/option><option value=\"Netherlands\">Netherlands<\/option><option value=\"New Zealand\">New Zealand<\/option><option value=\"Nicaragua\">Nicaragua<\/option><option value=\"Niger\">Niger<\/option><option value=\"Nigeria\">Nigeria<\/option><option value=\"North Macedonia\">North Macedonia<\/option><option value=\"Norway\">Norway<\/option><option value=\"Oman\">Oman<\/option><option value=\"Pakistan\">Pakistan<\/option><option value=\"Palau\">Palau<\/option><option value=\"Palestine\">Palestine<\/option><option value=\"Panama\">Panama<\/option><option value=\"Papua New Guinea\">Papua New Guinea<\/option><option value=\"Paraguay\">Paraguay<\/option><option value=\"Peru\">Peru<\/option><option value=\"Philippines\">Philippines<\/option><option value=\"Poland\">Poland<\/option><option value=\"Portugal\">Portugal<\/option><option value=\"Qatar\">Qatar<\/option><option value=\"Romania\">Romania<\/option><option value=\"Russia\">Russia<\/option><option value=\"Rwanda\">Rwanda<\/option><option value=\"Saint Kitts and Nevis\">Saint Kitts and Nevis<\/option><option value=\"Saint Lucia\">Saint Lucia<\/option><option value=\"Saint Vincent and the Grenadines\">Saint Vincent and the Grenadines<\/option><option value=\"Samoa\">Samoa<\/option><option value=\"San Marino\">San Marino<\/option><option value=\"Sao Tome and Principe\">Sao Tome and Principe<\/option><option value=\"Saudi Arabia\">Saudi Arabia<\/option><option value=\"Senegal\">Senegal<\/option><option value=\"Serbia\">Serbia<\/option><option value=\"Seychelles\">Seychelles<\/option><option value=\"Sierra Leone\">Sierra Leone<\/option><option value=\"Singapore\">Singapore<\/option><option value=\"Slovakia\">Slovakia<\/option><option value=\"Slovenia\">Slovenia<\/option><option value=\"Solomon Islands\">Solomon Islands<\/option><option value=\"Somalia\">Somalia<\/option><option value=\"South Africa\">South Africa<\/option><option value=\"South Sudan\">South Sudan<\/option><option value=\"Spain\">Spain<\/option><option value=\"Sri Lanka\">Sri Lanka<\/option><option value=\"Sudan\">Sudan<\/option><option value=\"Suriname\">Suriname<\/option><option value=\"Sweden\">Sweden<\/option><option value=\"Switzerland\">Switzerland<\/option><option value=\"Syria\">Syria<\/option><option value=\"Taiwan\">Taiwan<\/option><option value=\"Tajikistan\">Tajikistan<\/option><option value=\"Tanzania\">Tanzania<\/option><option value=\"Thailand\">Thailand<\/option><option value=\"Togo\">Togo<\/option><option value=\"Tonga\">Tonga<\/option><option value=\"Trinidad and Tobago\">Trinidad and Tobago<\/option><option value=\"Tunisia\">Tunisia<\/option><option value=\"Turkey\">Turkey<\/option><option value=\"Turkmenistan\">Turkmenistan<\/option><option value=\"Tuvalu\">Tuvalu<\/option><option value=\"Uganda\">Uganda<\/option><option value=\"Ukraine\">Ukraine<\/option><option value=\"United Arab Emirates\">United Arab Emirates<\/option><option value=\"United Kingdom\">United Kingdom<\/option><option value=\"United States\">United States<\/option><option value=\"Uruguay\">Uruguay<\/option><option value=\"Uzbekistan\">Uzbekistan<\/option><option value=\"Vanuatu\">Vanuatu<\/option><option value=\"Vatican City\">Vatican City<\/option><option value=\"Venezuela\">Venezuela<\/option><option value=\"Vietnam\">Vietnam<\/option><option value=\"Yemen\">Yemen<\/option><option value=\"Zambia\">Zambia<\/option><option value=\"Zimbabwe\">Zimbabwe<\/option><\/select><\/span>\n<\/p>\n<div>\n\t<p><span class=\"wpcf7-form-control-wrap\" data-name=\"privacy-policy\"><span class=\"wpcf7-form-control wpcf7-acceptance\"><span class=\"wpcf7-list-item\"><input type=\"checkbox\" name=\"privacy-policy\" value=\"1\" aria-invalid=\"false\" \/><\/span><\/span><\/span>*Acconsenti alla <a class=\"wp-colorbox-iframe\" href=\"https:\/\/www.iubenda.com\/privacy-policy\/34524073\">Privacy Policy<\/a>\n\t<\/p>\n<\/div>\n<p><input class=\"wpcf7-form-control wpcf7-submit has-spinner button\" type=\"submit\" value=\"Iscriviti ora\" \/>\n<\/p><div class=\"wpcf7-response-output\" aria-hidden=\"true\"><\/div>\n<\/form>\n<\/div>\n\n\t\t<\/div>\n\t\t\t\t\t<\/div>\n\n\t\n<\/div>\n\t\t<\/div>\n\t\t\t\t\t<\/div>\n\n\t\n<\/div>\n\t\t<\/div>\n\n\t\t\n<style>\n#section_1798812999 {\n  padding-top: 30px;\n  padding-bottom: 30px;\n  min-height: 350px;\n}\n#section_1798812999 .section-bg-overlay {\n  background-color: rgba(0,0,0,.5);\n}\n#section_1798812999 .ux-shape-divider--top svg {\n  height: 150px;\n  --divider-top-width: 100%;\n}\n#section_1798812999 .ux-shape-divider--bottom svg {\n  height: 150px;\n  --divider-width: 100%;\n}\n@media (min-width:550px) {\n  #section_1798812999 {\n    min-height: 400px;\n  }\n}\n<\/style>\n\t<\/section>\n\t\n\t<section class=\"section\" id=\"section_1686814202\">\n\t\t<div class=\"bg section-bg fill bg-fill  bg-loaded\" >\n\n\t\t\t\n\t\t\t\n\t\t\t\n\n\t\t<\/div>\n\n\t\t\n\n\t\t<div class=\"section-content relative\">\n\t\t\t\n\n\t\t<\/div>\n\n\t\t\n<style>\n#section_1686814202 {\n  padding-top: 0px;\n  padding-bottom: 0px;\n}\n#section_1686814202 .ux-shape-divider--top svg {\n  height: 150px;\n  --divider-top-width: 100%;\n}\n#section_1686814202 .ux-shape-divider--bottom svg {\n  height: 150px;\n  --divider-width: 100%;\n}\n<\/style>\n\t<\/section>\n\t\n\n\t<section class=\"section\" id=\"section_1320316812\">\n\t\t<div class=\"bg section-bg fill bg-fill  bg-loaded\" >\n\n\t\t\t\n\t\t\t\n\t\t\t\n\n\t\t<\/div>\n\n\t\t\n\n\t\t<div class=\"section-content relative\">\n\t\t\t\n<div class=\"row\"  id=\"row-190120536\">\n\n\t<div id=\"col-424833748\" class=\"col small-12 large-12\"  >\n\t\t\t\t<div class=\"col-inner\"  >\n\t\t\t\n\t\t\t\n\t<div id=\"gap-906972907\" class=\"gap-element clearfix\" style=\"display:block; height:auto;\">\n\t\t\n<style>\n#gap-906972907 {\n  padding-top: 45px;\n}\n<\/style>\n\t<\/div>\n\t\n\n  \n    <div class=\"row large-columns-2 medium-columns-1 small-columns-1\">\n  <div class=\"col post-item\" >\n\t\t\t<div class=\"col-inner\">\n\t\t\t<a href=\"https:\/\/www.tmfcyclingpad.com\/it\/fondelli-con-schiuma-biobasica-il-comfort-incontra-la-sostenibilita\/\" class=\"plain\">\n\t\t\t\t<div class=\"box box-normal box-text-bottom box-blog-post has-hover\">\n            \t\t\t\t\t<div class=\"box-image\" >\n  \t\t\t\t\t\t<div class=\"image-zoom image-cover\" style=\"padding-top:56.25%;\">\n  \t\t\t\t\t\t\t<img loading=\"lazy\" decoding=\"async\" width=\"2560\" height=\"1340\" src=\"https:\/\/www.tmfcyclingpad.com\/wp-content\/uploads\/2026\/04\/tmf-cover-55-def3-scaled.jpg\" class=\"attachment-original size-original wp-post-image\" alt=\"\" srcset=\"https:\/\/www.tmfcyclingpad.com\/wp-content\/uploads\/2026\/04\/tmf-cover-55-def3-scaled.jpg 2560w, https:\/\/www.tmfcyclingpad.com\/wp-content\/uploads\/2026\/04\/tmf-cover-55-def3-300x157.jpg 300w, https:\/\/www.tmfcyclingpad.com\/wp-content\/uploads\/2026\/04\/tmf-cover-55-def3-1024x536.jpg 1024w, https:\/\/www.tmfcyclingpad.com\/wp-content\/uploads\/2026\/04\/tmf-cover-55-def3-768x402.jpg 768w, https:\/\/www.tmfcyclingpad.com\/wp-content\/uploads\/2026\/04\/tmf-cover-55-def3-1536x804.jpg 1536w, https:\/\/www.tmfcyclingpad.com\/wp-content\/uploads\/2026\/04\/tmf-cover-55-def3-2048x1072.jpg 2048w\" sizes=\"auto, (max-width: 2560px) 100vw, 2560px\" \/>  \t\t\t\t\t\t\t  \t\t\t\t\t\t\t  \t\t\t\t\t\t<\/div>\n  \t\t\t\t\t\t  \t\t\t\t\t<\/div>\n          \t\t\t\t\t<div class=\"box-text text-center\" style=\"background-color:rgb(255, 255, 255);\">\n\t\t\t\t\t<div class=\"box-text-inner blog-post-inner\">\n\n\t\t\t\t\t\n\t\t\t\t\t\t\t\t\t\t\t<p class=\"cat-label  is-xxsmall op-7 uppercase\">\n\t\t\t\t\tFilosofia TMF News \t\t\t\t\t<\/p>\n\t\t\t\t\t\t\t\t\t\t<h5 class=\"post-title is-large \">Fondelli con schiuma biobasica: il comfort incontra la sostenibilit\u00e0<\/h5>\n\t\t\t\t\t\t\t\t\t\t<div class=\"is-divider\"><\/div>\n\t\t\t\t\t\t\t\t\t\t<p class=\"from_the_blog_excerpt \">Nel mondo dei fondelli per ciclismo, la ricerca del comfort e della performance si intreccia sempre pi\u00f9 con l\u2019attenzione all\u2019ambiente. TMF ha scelto di includere, tra le opzioni di schiume, anche una versione biobasica, pensata [...]\t\t\t\t\t<\/p>\n\t\t\t\t\t                    \n\t\t\t\t\t\t\t\t\t\t\t<button href=\"https:\/\/www.tmfcyclingpad.com\/it\/fondelli-con-schiuma-biobasica-il-comfort-incontra-la-sostenibilita\/\" class=\"button primary is-gloss is-small mb-0\">\n\t\t\t\t\t\t\tLeggi tutto\t\t\t\t\t\t<\/button>\n\t\t\t\t\t\n\t\t\t\t\t\n\t\t\t\t\t<\/div>\n\t\t\t\t\t<\/div>\n\t\t\t\t\t\t\t\t\t\t\t\t\t\t\t\t<div class=\"badge absolute top post-date badge-outline\">\n\t\t\t\t\t\t\t<div class=\"badge-inner\">\n\t\t\t\t\t\t\t\t<span class=\"post-date-day\">08<\/span><br>\n\t\t\t\t\t\t\t\t<span class=\"post-date-month is-xsmall\">Apr<\/span>\n\t\t\t\t\t\t\t<\/div>\n\t\t\t\t\t\t<\/div>\n\t\t\t\t\t\t\t\t\t<\/div>\n\t\t\t\t<\/a>\n\t\t\t<\/div>\n\t\t<\/div><div class=\"col post-item\" >\n\t\t\t<div class=\"col-inner\">\n\t\t\t<a href=\"https:\/\/www.tmfcyclingpad.com\/it\/performance-days-monaco-marzo-2026-tmf-ti-aspetta-allo-stand-q19\/\" class=\"plain\">\n\t\t\t\t<div class=\"box box-normal box-text-bottom box-blog-post has-hover\">\n            \t\t\t\t\t<div class=\"box-image\" >\n  \t\t\t\t\t\t<div class=\"image-zoom image-cover\" style=\"padding-top:56.25%;\">\n  \t\t\t\t\t\t\t<img loading=\"lazy\" decoding=\"async\" width=\"2500\" height=\"1308\" src=\"https:\/\/www.tmfcyclingpad.com\/wp-content\/uploads\/2026\/02\/tmf-performance-days-munich_MARZO-2026.jpg\" class=\"attachment-original size-original wp-post-image\" alt=\"\" srcset=\"https:\/\/www.tmfcyclingpad.com\/wp-content\/uploads\/2026\/02\/tmf-performance-days-munich_MARZO-2026.jpg 2500w, https:\/\/www.tmfcyclingpad.com\/wp-content\/uploads\/2026\/02\/tmf-performance-days-munich_MARZO-2026-300x157.jpg 300w, https:\/\/www.tmfcyclingpad.com\/wp-content\/uploads\/2026\/02\/tmf-performance-days-munich_MARZO-2026-1024x536.jpg 1024w, https:\/\/www.tmfcyclingpad.com\/wp-content\/uploads\/2026\/02\/tmf-performance-days-munich_MARZO-2026-768x402.jpg 768w, https:\/\/www.tmfcyclingpad.com\/wp-content\/uploads\/2026\/02\/tmf-performance-days-munich_MARZO-2026-1536x804.jpg 1536w, https:\/\/www.tmfcyclingpad.com\/wp-content\/uploads\/2026\/02\/tmf-performance-days-munich_MARZO-2026-2048x1072.jpg 2048w\" sizes=\"auto, (max-width: 2500px) 100vw, 2500px\" \/>  \t\t\t\t\t\t\t  \t\t\t\t\t\t\t  \t\t\t\t\t\t<\/div>\n  \t\t\t\t\t\t  \t\t\t\t\t<\/div>\n          \t\t\t\t\t<div class=\"box-text text-center\" style=\"background-color:rgb(255, 255, 255);\">\n\t\t\t\t\t<div class=\"box-text-inner blog-post-inner\">\n\n\t\t\t\t\t\n\t\t\t\t\t\t\t\t\t\t\t<p class=\"cat-label  is-xxsmall op-7 uppercase\">\n\t\t\t\t\tFiere \t\t\t\t\t<\/p>\n\t\t\t\t\t\t\t\t\t\t<h5 class=\"post-title is-large \">Performance Days Monaco, Marzo 2026: TMF ti aspetta allo stand Q19<\/h5>\n\t\t\t\t\t\t\t\t\t\t<div class=\"is-divider\"><\/div>\n\t\t\t\t\t\t\t\t\t\t<p class=\"from_the_blog_excerpt \">TMF \u00e8 pronta per Performance Days Monaco 2026, l\u2019appuntamento internazionale dedicato alle innovazioni per il settore sport. L\u2019evento si terr\u00e0 il 18 e 19 marzo 2026 alla Fiera di Monaco di Baviera, Germania. Performance Days [...]\t\t\t\t\t<\/p>\n\t\t\t\t\t                    \n\t\t\t\t\t\t\t\t\t\t\t<button href=\"https:\/\/www.tmfcyclingpad.com\/it\/performance-days-monaco-marzo-2026-tmf-ti-aspetta-allo-stand-q19\/\" class=\"button primary is-gloss is-small mb-0\">\n\t\t\t\t\t\t\tLeggi tutto\t\t\t\t\t\t<\/button>\n\t\t\t\t\t\n\t\t\t\t\t\n\t\t\t\t\t<\/div>\n\t\t\t\t\t<\/div>\n\t\t\t\t\t\t\t\t\t\t\t\t\t\t\t\t<div class=\"badge absolute top post-date badge-outline\">\n\t\t\t\t\t\t\t<div class=\"badge-inner\">\n\t\t\t\t\t\t\t\t<span class=\"post-date-day\">04<\/span><br>\n\t\t\t\t\t\t\t\t<span class=\"post-date-month is-xsmall\">Mar<\/span>\n\t\t\t\t\t\t\t<\/div>\n\t\t\t\t\t\t<\/div>\n\t\t\t\t\t\t\t\t\t<\/div>\n\t\t\t\t<\/a>\n\t\t\t<\/div>\n\t\t<\/div><div class=\"col post-item\" >\n\t\t\t<div class=\"col-inner\">\n\t\t\t<a href=\"https:\/\/www.tmfcyclingpad.com\/it\/tmf-ti-aspetta-alla-fiera-functional-textiles-a-shanghai-il-5-e-6-marzo-2026\/\" class=\"plain\">\n\t\t\t\t<div class=\"box box-normal box-text-bottom box-blog-post has-hover\">\n            \t\t\t\t\t<div class=\"box-image\" >\n  \t\t\t\t\t\t<div class=\"image-zoom image-cover\" style=\"padding-top:56.25%;\">\n  \t\t\t\t\t\t\t<img loading=\"lazy\" decoding=\"async\" width=\"2500\" height=\"1308\" src=\"https:\/\/www.tmfcyclingpad.com\/wp-content\/uploads\/2026\/02\/tmf-cover-53ok.webp\" class=\"attachment-original size-original wp-post-image\" alt=\"\" srcset=\"https:\/\/www.tmfcyclingpad.com\/wp-content\/uploads\/2026\/02\/tmf-cover-53ok.webp 2500w, https:\/\/www.tmfcyclingpad.com\/wp-content\/uploads\/2026\/02\/tmf-cover-53ok-300x157.webp 300w, https:\/\/www.tmfcyclingpad.com\/wp-content\/uploads\/2026\/02\/tmf-cover-53ok-1024x536.webp 1024w, https:\/\/www.tmfcyclingpad.com\/wp-content\/uploads\/2026\/02\/tmf-cover-53ok-768x402.webp 768w, https:\/\/www.tmfcyclingpad.com\/wp-content\/uploads\/2026\/02\/tmf-cover-53ok-1536x804.webp 1536w, https:\/\/www.tmfcyclingpad.com\/wp-content\/uploads\/2026\/02\/tmf-cover-53ok-2048x1072.webp 2048w\" sizes=\"auto, (max-width: 2500px) 100vw, 2500px\" \/>  \t\t\t\t\t\t\t  \t\t\t\t\t\t\t  \t\t\t\t\t\t<\/div>\n  \t\t\t\t\t\t  \t\t\t\t\t<\/div>\n          \t\t\t\t\t<div class=\"box-text text-center\" style=\"background-color:rgb(255, 255, 255);\">\n\t\t\t\t\t<div class=\"box-text-inner blog-post-inner\">\n\n\t\t\t\t\t\n\t\t\t\t\t\t\t\t\t\t\t<p class=\"cat-label  is-xxsmall op-7 uppercase\">\n\t\t\t\t\tFiere \t\t\t\t\t<\/p>\n\t\t\t\t\t\t\t\t\t\t<h5 class=\"post-title is-large \">TMF ti aspetta alla fiera Functional Textiles a Shanghai il 5 e 6 Marzo 2026<\/h5>\n\t\t\t\t\t\t\t\t\t\t<div class=\"is-divider\"><\/div>\n\t\t\t\t\t\t\t\t\t\t<p class=\"from_the_blog_excerpt \">TMF sar\u00e0 presente a Functional Textiles di Shanghai il 5 e 6 marzo 2026 (Stand C02). L\u2019evento internazionale, che si svolger\u00e0 presso il Shanghai World Expo Exhibition &amp; Convention Center, \u00e8 un punto di riferimento [...]\t\t\t\t\t<\/p>\n\t\t\t\t\t                    \n\t\t\t\t\t\t\t\t\t\t\t<button href=\"https:\/\/www.tmfcyclingpad.com\/it\/tmf-ti-aspetta-alla-fiera-functional-textiles-a-shanghai-il-5-e-6-marzo-2026\/\" class=\"button primary is-gloss is-small mb-0\">\n\t\t\t\t\t\t\tLeggi tutto\t\t\t\t\t\t<\/button>\n\t\t\t\t\t\n\t\t\t\t\t\n\t\t\t\t\t<\/div>\n\t\t\t\t\t<\/div>\n\t\t\t\t\t\t\t\t\t\t\t\t\t\t\t\t<div class=\"badge absolute top post-date badge-outline\">\n\t\t\t\t\t\t\t<div class=\"badge-inner\">\n\t\t\t\t\t\t\t\t<span class=\"post-date-day\">11<\/span><br>\n\t\t\t\t\t\t\t\t<span class=\"post-date-month is-xsmall\">Feb<\/span>\n\t\t\t\t\t\t\t<\/div>\n\t\t\t\t\t\t<\/div>\n\t\t\t\t\t\t\t\t\t<\/div>\n\t\t\t\t<\/a>\n\t\t\t<\/div>\n\t\t<\/div><div class=\"col post-item\" >\n\t\t\t<div class=\"col-inner\">\n\t\t\t<a href=\"https:\/\/www.tmfcyclingpad.com\/it\/2026-in-anteprima-mission-tmf-e-i-trend-chiave\/\" class=\"plain\">\n\t\t\t\t<div class=\"box box-normal box-text-bottom box-blog-post has-hover\">\n            \t\t\t\t\t<div class=\"box-image\" >\n  \t\t\t\t\t\t<div class=\"image-zoom image-cover\" style=\"padding-top:56.25%;\">\n  \t\t\t\t\t\t\t<img loading=\"lazy\" decoding=\"async\" width=\"858\" height=\"449\" src=\"https:\/\/www.tmfcyclingpad.com\/wp-content\/uploads\/2025\/12\/tmf-mission-2026.webp\" class=\"attachment-original size-original wp-post-image\" alt=\"\" srcset=\"https:\/\/www.tmfcyclingpad.com\/wp-content\/uploads\/2025\/12\/tmf-mission-2026.webp 858w, https:\/\/www.tmfcyclingpad.com\/wp-content\/uploads\/2025\/12\/tmf-mission-2026-300x157.webp 300w, https:\/\/www.tmfcyclingpad.com\/wp-content\/uploads\/2025\/12\/tmf-mission-2026-768x402.webp 768w\" sizes=\"auto, (max-width: 858px) 100vw, 858px\" \/>  \t\t\t\t\t\t\t  \t\t\t\t\t\t\t  \t\t\t\t\t\t<\/div>\n  \t\t\t\t\t\t  \t\t\t\t\t<\/div>\n          \t\t\t\t\t<div class=\"box-text text-center\" style=\"background-color:rgb(255, 255, 255);\">\n\t\t\t\t\t<div class=\"box-text-inner blog-post-inner\">\n\n\t\t\t\t\t\n\t\t\t\t\t\t\t\t\t\t\t<p class=\"cat-label  is-xxsmall op-7 uppercase\">\n\t\t\t\t\tNews \t\t\t\t\t<\/p>\n\t\t\t\t\t\t\t\t\t\t<h5 class=\"post-title is-large \">2026 in anteprima: mission TMF e i trend chiave<\/h5>\n\t\t\t\t\t\t\t\t\t\t<div class=\"is-divider\"><\/div>\n\t\t\t\t\t\t\t\t\t\t<p class=\"from_the_blog_excerpt \">Il nuovo anno \u00e8 iniziato e TMF prosegue il proprio percorso con obiettivi chiari: sostenere i brand con fondelli sempre pi\u00f9 innovativi, sostenibili e performanti. Il 2026 sar\u00e0 un anno chiave per rispondere in modo [...]\t\t\t\t\t<\/p>\n\t\t\t\t\t                    \n\t\t\t\t\t\t\t\t\t\t\t<button href=\"https:\/\/www.tmfcyclingpad.com\/it\/2026-in-anteprima-mission-tmf-e-i-trend-chiave\/\" class=\"button primary is-gloss is-small mb-0\">\n\t\t\t\t\t\t\tLeggi tutto\t\t\t\t\t\t<\/button>\n\t\t\t\t\t\n\t\t\t\t\t\n\t\t\t\t\t<\/div>\n\t\t\t\t\t<\/div>\n\t\t\t\t\t\t\t\t\t\t\t\t\t\t\t\t<div class=\"badge absolute top post-date badge-outline\">\n\t\t\t\t\t\t\t<div class=\"badge-inner\">\n\t\t\t\t\t\t\t\t<span class=\"post-date-day\">14<\/span><br>\n\t\t\t\t\t\t\t\t<span class=\"post-date-month is-xsmall\">Gen<\/span>\n\t\t\t\t\t\t\t<\/div>\n\t\t\t\t\t\t<\/div>\n\t\t\t\t\t\t\t\t\t<\/div>\n\t\t\t\t<\/a>\n\t\t\t<\/div>\n\t\t<\/div><div class=\"col post-item\" >\n\t\t\t<div class=\"col-inner\">\n\t\t\t<a href=\"https:\/\/www.tmfcyclingpad.com\/it\/gare-dellanno-gli-eventi-ciclistici-piu-importanti-del-2025-e-i-nostri-auguri-di-buone-feste\/\" class=\"plain\">\n\t\t\t\t<div class=\"box box-normal box-text-bottom box-blog-post has-hover\">\n            \t\t\t\t\t<div class=\"box-image\" >\n  \t\t\t\t\t\t<div class=\"image-zoom image-cover\" style=\"padding-top:56.25%;\">\n  \t\t\t\t\t\t\t<img loading=\"lazy\" decoding=\"async\" width=\"1004\" height=\"525\" src=\"https:\/\/www.tmfcyclingpad.com\/wp-content\/uploads\/2025\/12\/tmf-holiday-message-2025.webp\" class=\"attachment-original size-original wp-post-image\" alt=\"\" srcset=\"https:\/\/www.tmfcyclingpad.com\/wp-content\/uploads\/2025\/12\/tmf-holiday-message-2025.webp 1004w, https:\/\/www.tmfcyclingpad.com\/wp-content\/uploads\/2025\/12\/tmf-holiday-message-2025-300x157.webp 300w, https:\/\/www.tmfcyclingpad.com\/wp-content\/uploads\/2025\/12\/tmf-holiday-message-2025-768x402.webp 768w\" sizes=\"auto, (max-width: 1004px) 100vw, 1004px\" \/>  \t\t\t\t\t\t\t  \t\t\t\t\t\t\t  \t\t\t\t\t\t<\/div>\n  \t\t\t\t\t\t  \t\t\t\t\t<\/div>\n          \t\t\t\t\t<div class=\"box-text text-center\" style=\"background-color:rgb(255, 255, 255);\">\n\t\t\t\t\t<div class=\"box-text-inner blog-post-inner\">\n\n\t\t\t\t\t\n\t\t\t\t\t\t\t\t\t\t\t<p class=\"cat-label  is-xxsmall op-7 uppercase\">\n\t\t\t\t\tNews \t\t\t\t\t<\/p>\n\t\t\t\t\t\t\t\t\t\t<h5 class=\"post-title is-large \">Gare dell\u2019anno: gli eventi ciclistici pi\u00f9 importanti del 2025 e i nostri auguri di Buone Feste<\/h5>\n\t\t\t\t\t\t\t\t\t\t<div class=\"is-divider\"><\/div>\n\t\t\t\t\t\t\t\t\t\t<p class=\"from_the_blog_excerpt \">Il 2025 ha offerto spettacolo, agonismo e grandi performance. Per te che segui il settore \u00e8 utile tenere d\u2019occhio le gare che dettano il passo e le tecnologie che fanno la differenza. TMF \u00e8 al [...]\t\t\t\t\t<\/p>\n\t\t\t\t\t                    \n\t\t\t\t\t\t\t\t\t\t\t<button href=\"https:\/\/www.tmfcyclingpad.com\/it\/gare-dellanno-gli-eventi-ciclistici-piu-importanti-del-2025-e-i-nostri-auguri-di-buone-feste\/\" class=\"button primary is-gloss is-small mb-0\">\n\t\t\t\t\t\t\tLeggi tutto\t\t\t\t\t\t<\/button>\n\t\t\t\t\t\n\t\t\t\t\t\n\t\t\t\t\t<\/div>\n\t\t\t\t\t<\/div>\n\t\t\t\t\t\t\t\t\t\t\t\t\t\t\t\t<div class=\"badge absolute top post-date badge-outline\">\n\t\t\t\t\t\t\t<div class=\"badge-inner\">\n\t\t\t\t\t\t\t\t<span class=\"post-date-day\">10<\/span><br>\n\t\t\t\t\t\t\t\t<span class=\"post-date-month is-xsmall\">Dic<\/span>\n\t\t\t\t\t\t\t<\/div>\n\t\t\t\t\t\t<\/div>\n\t\t\t\t\t\t\t\t\t<\/div>\n\t\t\t\t<\/a>\n\t\t\t<\/div>\n\t\t<\/div><div class=\"col post-item\" >\n\t\t\t<div class=\"col-inner\">\n\t\t\t<a href=\"https:\/\/www.tmfcyclingpad.com\/it\/nuvia-il-fondello-tmf-dedicato-al-comfort-femminile-anche-nei-giorni-del-ciclo-mestruale\/\" class=\"plain\">\n\t\t\t\t<div class=\"box box-normal box-text-bottom box-blog-post has-hover\">\n            \t\t\t\t\t<div class=\"box-image\" >\n  \t\t\t\t\t\t<div class=\"image-zoom image-cover\" style=\"padding-top:56.25%;\">\n  \t\t\t\t\t\t\t<img loading=\"lazy\" decoding=\"async\" width=\"1004\" height=\"527\" src=\"https:\/\/www.tmfcyclingpad.com\/wp-content\/uploads\/2025\/11\/nuvia-tmf-cycling-pad.webp\" class=\"attachment-original size-original wp-post-image\" alt=\"\" srcset=\"https:\/\/www.tmfcyclingpad.com\/wp-content\/uploads\/2025\/11\/nuvia-tmf-cycling-pad.webp 1004w, https:\/\/www.tmfcyclingpad.com\/wp-content\/uploads\/2025\/11\/nuvia-tmf-cycling-pad-300x157.webp 300w, https:\/\/www.tmfcyclingpad.com\/wp-content\/uploads\/2025\/11\/nuvia-tmf-cycling-pad-768x403.webp 768w\" sizes=\"auto, (max-width: 1004px) 100vw, 1004px\" \/>  \t\t\t\t\t\t\t  \t\t\t\t\t\t\t  \t\t\t\t\t\t<\/div>\n  \t\t\t\t\t\t  \t\t\t\t\t<\/div>\n          \t\t\t\t\t<div class=\"box-text text-center\" style=\"background-color:rgb(255, 255, 255);\">\n\t\t\t\t\t<div class=\"box-text-inner blog-post-inner\">\n\n\t\t\t\t\t\n\t\t\t\t\t\t\t\t\t\t\t<p class=\"cat-label  is-xxsmall op-7 uppercase\">\n\t\t\t\t\tNews Prodotti \t\t\t\t\t<\/p>\n\t\t\t\t\t\t\t\t\t\t<h5 class=\"post-title is-large \">Nuvia: il fondello TMF dedicato al comfort femminile, anche nei giorni del ciclo mestruale<\/h5>\n\t\t\t\t\t\t\t\t\t\t<div class=\"is-divider\"><\/div>\n\t\t\t\t\t\t\t\t\t\t<p class=\"from_the_blog_excerpt \">Nuvia \u00e8 il fondello TMF progettato per offrire supporto mirato alle cicliste durante i giorni del ciclo mestruale. La sua struttura specifica garantisce comfort, distribuzione ottimale delle pressioni e \u00a0protezione dalle perdite, mantenendo inalterate le [...]\t\t\t\t\t<\/p>\n\t\t\t\t\t                    \n\t\t\t\t\t\t\t\t\t\t\t<button href=\"https:\/\/www.tmfcyclingpad.com\/it\/nuvia-il-fondello-tmf-dedicato-al-comfort-femminile-anche-nei-giorni-del-ciclo-mestruale\/\" class=\"button primary is-gloss is-small mb-0\">\n\t\t\t\t\t\t\tLeggi tutto\t\t\t\t\t\t<\/button>\n\t\t\t\t\t\n\t\t\t\t\t\n\t\t\t\t\t<\/div>\n\t\t\t\t\t<\/div>\n\t\t\t\t\t\t\t\t\t\t\t\t\t\t\t\t<div class=\"badge absolute top post-date badge-outline\">\n\t\t\t\t\t\t\t<div class=\"badge-inner\">\n\t\t\t\t\t\t\t\t<span class=\"post-date-day\">03<\/span><br>\n\t\t\t\t\t\t\t\t<span class=\"post-date-month is-xsmall\">Dic<\/span>\n\t\t\t\t\t\t\t<\/div>\n\t\t\t\t\t\t<\/div>\n\t\t\t\t\t\t\t\t\t<\/div>\n\t\t\t\t<\/a>\n\t\t\t<\/div>\n\t\t<\/div><div class=\"col post-item\" >\n\t\t\t<div class=\"col-inner\">\n\t\t\t<a href=\"https:\/\/www.tmfcyclingpad.com\/it\/tmf-porta-a-monaco-le-ultime-innovazioni-in-tema-fondelli-da-ciclismo\/\" class=\"plain\">\n\t\t\t\t<div class=\"box box-normal box-text-bottom box-blog-post has-hover\">\n            \t\t\t\t\t<div class=\"box-image\" >\n  \t\t\t\t\t\t<div class=\"image-zoom image-cover\" style=\"padding-top:56.25%;\">\n  \t\t\t\t\t\t\t<img loading=\"lazy\" decoding=\"async\" width=\"2500\" height=\"1308\" src=\"https:\/\/www.tmfcyclingpad.com\/wp-content\/uploads\/2025\/09\/tmf-cover-performancedays.jpg\" class=\"attachment-original size-original wp-post-image\" alt=\"\" srcset=\"https:\/\/www.tmfcyclingpad.com\/wp-content\/uploads\/2025\/09\/tmf-cover-performancedays.jpg 2500w, https:\/\/www.tmfcyclingpad.com\/wp-content\/uploads\/2025\/09\/tmf-cover-performancedays-300x157.jpg 300w, https:\/\/www.tmfcyclingpad.com\/wp-content\/uploads\/2025\/09\/tmf-cover-performancedays-1024x536.jpg 1024w, https:\/\/www.tmfcyclingpad.com\/wp-content\/uploads\/2025\/09\/tmf-cover-performancedays-768x402.jpg 768w, https:\/\/www.tmfcyclingpad.com\/wp-content\/uploads\/2025\/09\/tmf-cover-performancedays-1536x804.jpg 1536w, https:\/\/www.tmfcyclingpad.com\/wp-content\/uploads\/2025\/09\/tmf-cover-performancedays-2048x1072.jpg 2048w\" sizes=\"auto, (max-width: 2500px) 100vw, 2500px\" \/>  \t\t\t\t\t\t\t  \t\t\t\t\t\t\t  \t\t\t\t\t\t<\/div>\n  \t\t\t\t\t\t  \t\t\t\t\t<\/div>\n          \t\t\t\t\t<div class=\"box-text text-center\" style=\"background-color:rgb(255, 255, 255);\">\n\t\t\t\t\t<div class=\"box-text-inner blog-post-inner\">\n\n\t\t\t\t\t\n\t\t\t\t\t\t\t\t\t\t\t<p class=\"cat-label  is-xxsmall op-7 uppercase\">\n\t\t\t\t\tFiere \t\t\t\t\t<\/p>\n\t\t\t\t\t\t\t\t\t\t<h5 class=\"post-title is-large \">TMF porta a Monaco le ultime innovazioni in tema fondelli da ciclismo<\/h5>\n\t\t\t\t\t\t\t\t\t\t<div class=\"is-divider\"><\/div>\n\t\t\t\t\t\t\t\t\t\t<p class=\"from_the_blog_excerpt \">Il 29 e 30 ottobre 2025, TMF sar\u00e0 presente alla nuova edizione della fiera Performance Days di Monaco. Ti aspettiamo allo Stand Q18 per mostrarti le nostre ultime innovazioni in tema di fondelli per ciclismo. [...]\t\t\t\t\t<\/p>\n\t\t\t\t\t                    \n\t\t\t\t\t\t\t\t\t\t\t<button href=\"https:\/\/www.tmfcyclingpad.com\/it\/tmf-porta-a-monaco-le-ultime-innovazioni-in-tema-fondelli-da-ciclismo\/\" class=\"button primary is-gloss is-small mb-0\">\n\t\t\t\t\t\t\tLeggi tutto\t\t\t\t\t\t<\/button>\n\t\t\t\t\t\n\t\t\t\t\t\n\t\t\t\t\t<\/div>\n\t\t\t\t\t<\/div>\n\t\t\t\t\t\t\t\t\t\t\t\t\t\t\t\t<div class=\"badge absolute top post-date badge-outline\">\n\t\t\t\t\t\t\t<div class=\"badge-inner\">\n\t\t\t\t\t\t\t\t<span class=\"post-date-day\">01<\/span><br>\n\t\t\t\t\t\t\t\t<span class=\"post-date-month is-xsmall\">Ott<\/span>\n\t\t\t\t\t\t\t<\/div>\n\t\t\t\t\t\t<\/div>\n\t\t\t\t\t\t\t\t\t<\/div>\n\t\t\t\t<\/a>\n\t\t\t<\/div>\n\t\t<\/div><div class=\"col post-item\" >\n\t\t\t<div class=\"col-inner\">\n\t\t\t<a href=\"https:\/\/www.tmfcyclingpad.com\/it\/massime-prestazioni-in-sella-guida-pratica-per-chi-ama-la-mtb\/\" class=\"plain\">\n\t\t\t\t<div class=\"box box-normal box-text-bottom box-blog-post has-hover\">\n            \t\t\t\t\t<div class=\"box-image\" >\n  \t\t\t\t\t\t<div class=\"image-zoom image-cover\" style=\"padding-top:56.25%;\">\n  \t\t\t\t\t\t\t<img loading=\"lazy\" decoding=\"async\" width=\"2500\" height=\"1308\" src=\"https:\/\/www.tmfcyclingpad.com\/wp-content\/uploads\/2025\/07\/tmf-cover-43-agosto.webp\" class=\"attachment-original size-original wp-post-image\" alt=\"\" srcset=\"https:\/\/www.tmfcyclingpad.com\/wp-content\/uploads\/2025\/07\/tmf-cover-43-agosto.webp 2500w, https:\/\/www.tmfcyclingpad.com\/wp-content\/uploads\/2025\/07\/tmf-cover-43-agosto-300x157.webp 300w, https:\/\/www.tmfcyclingpad.com\/wp-content\/uploads\/2025\/07\/tmf-cover-43-agosto-1024x536.webp 1024w, https:\/\/www.tmfcyclingpad.com\/wp-content\/uploads\/2025\/07\/tmf-cover-43-agosto-768x402.webp 768w, https:\/\/www.tmfcyclingpad.com\/wp-content\/uploads\/2025\/07\/tmf-cover-43-agosto-1536x804.webp 1536w, https:\/\/www.tmfcyclingpad.com\/wp-content\/uploads\/2025\/07\/tmf-cover-43-agosto-2048x1072.webp 2048w\" sizes=\"auto, (max-width: 2500px) 100vw, 2500px\" \/>  \t\t\t\t\t\t\t  \t\t\t\t\t\t\t  \t\t\t\t\t\t<\/div>\n  \t\t\t\t\t\t  \t\t\t\t\t<\/div>\n          \t\t\t\t\t<div class=\"box-text text-center\" style=\"background-color:rgb(255, 255, 255);\">\n\t\t\t\t\t<div class=\"box-text-inner blog-post-inner\">\n\n\t\t\t\t\t\n\t\t\t\t\t\t\t\t\t\t\t<p class=\"cat-label  is-xxsmall op-7 uppercase\">\n\t\t\t\t\tNews Prodotti \t\t\t\t\t<\/p>\n\t\t\t\t\t\t\t\t\t\t<h5 class=\"post-title is-large \">Massime prestazioni in sella: guida pratica per chi ama la MTB<\/h5>\n\t\t\t\t\t\t\t\t\t\t<div class=\"is-divider\"><\/div>\n\t\t\t\t\t\t\t\t\t\t<p class=\"from_the_blog_excerpt \">Il mondo della mountain bike (MTB) \u00e8 un mix perfetto di adrenalina, resistenza e libert\u00e0. Ma per chi pratica questo sport, specialmente nei mesi pi\u00f9 caldi, c&#8217;\u00e8 un elemento chiave che pu\u00f2 fare la differenza [...]\t\t\t\t\t<\/p>\n\t\t\t\t\t                    \n\t\t\t\t\t\t\t\t\t\t\t<button href=\"https:\/\/www.tmfcyclingpad.com\/it\/massime-prestazioni-in-sella-guida-pratica-per-chi-ama-la-mtb\/\" class=\"button primary is-gloss is-small mb-0\">\n\t\t\t\t\t\t\tLeggi tutto\t\t\t\t\t\t<\/button>\n\t\t\t\t\t\n\t\t\t\t\t\n\t\t\t\t\t<\/div>\n\t\t\t\t\t<\/div>\n\t\t\t\t\t\t\t\t\t\t\t\t\t\t\t\t<div class=\"badge absolute top post-date badge-outline\">\n\t\t\t\t\t\t\t<div class=\"badge-inner\">\n\t\t\t\t\t\t\t\t<span class=\"post-date-day\">27<\/span><br>\n\t\t\t\t\t\t\t\t<span class=\"post-date-month is-xsmall\">Ago<\/span>\n\t\t\t\t\t\t\t<\/div>\n\t\t\t\t\t\t<\/div>\n\t\t\t\t\t\t\t\t\t<\/div>\n\t\t\t\t<\/a>\n\t\t\t<\/div>\n\t\t<\/div><div class=\"col post-item\" >\n\t\t\t<div class=\"col-inner\">\n\t\t\t<a href=\"https:\/\/www.tmfcyclingpad.com\/it\/in-sella-destate-come-scegliere-il-fondello-giusto-per-le-giornate-piu-calde\/\" class=\"plain\">\n\t\t\t\t<div class=\"box box-normal box-text-bottom box-blog-post has-hover\">\n            \t\t\t\t\t<div class=\"box-image\" >\n  \t\t\t\t\t\t<div class=\"image-zoom image-cover\" style=\"padding-top:56.25%;\">\n  \t\t\t\t\t\t\t<img loading=\"lazy\" decoding=\"async\" width=\"1200\" height=\"628\" src=\"https:\/\/www.tmfcyclingpad.com\/wp-content\/uploads\/2025\/07\/tmf-cover-39-luglio-2.webp\" class=\"attachment-original size-original wp-post-image\" alt=\"\" srcset=\"https:\/\/www.tmfcyclingpad.com\/wp-content\/uploads\/2025\/07\/tmf-cover-39-luglio-2.webp 1200w, https:\/\/www.tmfcyclingpad.com\/wp-content\/uploads\/2025\/07\/tmf-cover-39-luglio-2-300x157.webp 300w, https:\/\/www.tmfcyclingpad.com\/wp-content\/uploads\/2025\/07\/tmf-cover-39-luglio-2-1024x536.webp 1024w, https:\/\/www.tmfcyclingpad.com\/wp-content\/uploads\/2025\/07\/tmf-cover-39-luglio-2-768x402.webp 768w\" sizes=\"auto, (max-width: 1200px) 100vw, 1200px\" \/>  \t\t\t\t\t\t\t  \t\t\t\t\t\t\t  \t\t\t\t\t\t<\/div>\n  \t\t\t\t\t\t  \t\t\t\t\t<\/div>\n          \t\t\t\t\t<div class=\"box-text text-center\" style=\"background-color:rgb(255, 255, 255);\">\n\t\t\t\t\t<div class=\"box-text-inner blog-post-inner\">\n\n\t\t\t\t\t\n\t\t\t\t\t\t\t\t\t\t\t<p class=\"cat-label  is-xxsmall op-7 uppercase\">\n\t\t\t\t\tNews Prodotti \t\t\t\t\t<\/p>\n\t\t\t\t\t\t\t\t\t\t<h5 class=\"post-title is-large \">In sella d&#8217;estate: come scegliere il fondello giusto per le giornate pi\u00f9 calde<\/h5>\n\t\t\t\t\t\t\t\t\t\t<div class=\"is-divider\"><\/div>\n\t\t\t\t\t\t\t\t\t\t<p class=\"from_the_blog_excerpt \">Alta temperatura, alte prestazioni: il ruolo del fondello Le giornate pi\u00f9 calde dell&#8217;anno mettono alla prova corpo, mente e materiali. Per i ciclisti che non si fermano nemmeno sotto il sole estivo, scegliere fondelli per [...]\t\t\t\t\t<\/p>\n\t\t\t\t\t                    \n\t\t\t\t\t\t\t\t\t\t\t<button href=\"https:\/\/www.tmfcyclingpad.com\/it\/in-sella-destate-come-scegliere-il-fondello-giusto-per-le-giornate-piu-calde\/\" class=\"button primary is-gloss is-small mb-0\">\n\t\t\t\t\t\t\tLeggi tutto\t\t\t\t\t\t<\/button>\n\t\t\t\t\t\n\t\t\t\t\t\n\t\t\t\t\t<\/div>\n\t\t\t\t\t<\/div>\n\t\t\t\t\t\t\t\t\t\t\t\t\t\t\t\t<div class=\"badge absolute top post-date badge-outline\">\n\t\t\t\t\t\t\t<div class=\"badge-inner\">\n\t\t\t\t\t\t\t\t<span class=\"post-date-day\">06<\/span><br>\n\t\t\t\t\t\t\t\t<span class=\"post-date-month is-xsmall\">Ago<\/span>\n\t\t\t\t\t\t\t<\/div>\n\t\t\t\t\t\t<\/div>\n\t\t\t\t\t\t\t\t\t<\/div>\n\t\t\t\t<\/a>\n\t\t\t<\/div>\n\t\t<\/div><div class=\"col post-item\" >\n\t\t\t<div class=\"col-inner\">\n\t\t\t<a href=\"https:\/\/www.tmfcyclingpad.com\/it\/campionesse-su-strada-le-icone-del-ciclismo-e-limpegno-di-tmf-per-lo-sport-al-femminile\/\" class=\"plain\">\n\t\t\t\t<div class=\"box box-normal box-text-bottom box-blog-post has-hover\">\n            \t\t\t\t\t<div class=\"box-image\" >\n  \t\t\t\t\t\t<div class=\"image-zoom image-cover\" style=\"padding-top:56.25%;\">\n  \t\t\t\t\t\t\t<img loading=\"lazy\" decoding=\"async\" width=\"2500\" height=\"1308\" src=\"https:\/\/www.tmfcyclingpad.com\/wp-content\/uploads\/2025\/06\/tmf-cover-44.webp\" class=\"attachment-original size-original wp-post-image\" alt=\"\" srcset=\"https:\/\/www.tmfcyclingpad.com\/wp-content\/uploads\/2025\/06\/tmf-cover-44.webp 2500w, https:\/\/www.tmfcyclingpad.com\/wp-content\/uploads\/2025\/06\/tmf-cover-44-300x157.webp 300w, https:\/\/www.tmfcyclingpad.com\/wp-content\/uploads\/2025\/06\/tmf-cover-44-1024x536.webp 1024w, https:\/\/www.tmfcyclingpad.com\/wp-content\/uploads\/2025\/06\/tmf-cover-44-768x402.webp 768w, https:\/\/www.tmfcyclingpad.com\/wp-content\/uploads\/2025\/06\/tmf-cover-44-1536x804.webp 1536w, https:\/\/www.tmfcyclingpad.com\/wp-content\/uploads\/2025\/06\/tmf-cover-44-2048x1072.webp 2048w\" sizes=\"auto, (max-width: 2500px) 100vw, 2500px\" \/>  \t\t\t\t\t\t\t  \t\t\t\t\t\t\t  \t\t\t\t\t\t<\/div>\n  \t\t\t\t\t\t  \t\t\t\t\t<\/div>\n          \t\t\t\t\t<div class=\"box-text text-center\" style=\"background-color:rgb(255, 255, 255);\">\n\t\t\t\t\t<div class=\"box-text-inner blog-post-inner\">\n\n\t\t\t\t\t\n\t\t\t\t\t\t\t\t\t\t\t<p class=\"cat-label  is-xxsmall op-7 uppercase\">\n\t\t\t\t\tFilosofia TMF Prodotti \t\t\t\t\t<\/p>\n\t\t\t\t\t\t\t\t\t\t<h5 class=\"post-title is-large \">Campionesse su strada: Le icone del ciclismo e l\u2019impegno di TMF per lo sport al femminile<\/h5>\n\t\t\t\t\t\t\t\t\t\t<div class=\"is-divider\"><\/div>\n\t\t\t\t\t\t\t\t\t\t<p class=\"from_the_blog_excerpt \">Il ciclismo femminile sta vivendo una stagione straordinaria. Atlete come Marianne\u202fVos, Elisa\u202fLongo\u202fBorghini e Lorena\u202fWiebes stanno scrivendo nuove pagine della storia sportiva con talento, determinazione e innovazione. Noi di TMF celebriamo le cicliste donne non solo [...]\t\t\t\t\t<\/p>\n\t\t\t\t\t                    \n\t\t\t\t\t\t\t\t\t\t\t<button href=\"https:\/\/www.tmfcyclingpad.com\/it\/campionesse-su-strada-le-icone-del-ciclismo-e-limpegno-di-tmf-per-lo-sport-al-femminile\/\" class=\"button primary is-gloss is-small mb-0\">\n\t\t\t\t\t\t\tLeggi tutto\t\t\t\t\t\t<\/button>\n\t\t\t\t\t\n\t\t\t\t\t\n\t\t\t\t\t<\/div>\n\t\t\t\t\t<\/div>\n\t\t\t\t\t\t\t\t\t\t\t\t\t\t\t\t<div class=\"badge absolute top post-date badge-outline\">\n\t\t\t\t\t\t\t<div class=\"badge-inner\">\n\t\t\t\t\t\t\t\t<span class=\"post-date-day\">23<\/span><br>\n\t\t\t\t\t\t\t\t<span class=\"post-date-month is-xsmall\">Lug<\/span>\n\t\t\t\t\t\t\t<\/div>\n\t\t\t\t\t\t<\/div>\n\t\t\t\t\t\t\t\t\t<\/div>\n\t\t\t\t<\/a>\n\t\t\t<\/div>\n\t\t<\/div><div class=\"col post-item\" >\n\t\t\t<div class=\"col-inner\">\n\t\t\t<a href=\"https:\/\/www.tmfcyclingpad.com\/it\/quickdry-la-tecnologia-scelta-da-tmf-per-migliorare-comfort-e-prestazioni-in-sella\/\" class=\"plain\">\n\t\t\t\t<div class=\"box box-normal box-text-bottom box-blog-post has-hover\">\n            \t\t\t\t\t<div class=\"box-image\" >\n  \t\t\t\t\t\t<div class=\"image-zoom image-cover\" style=\"padding-top:56.25%;\">\n  \t\t\t\t\t\t\t<img loading=\"lazy\" decoding=\"async\" width=\"2500\" height=\"1308\" src=\"https:\/\/www.tmfcyclingpad.com\/wp-content\/uploads\/2025\/07\/tmf-cover-41-quickdry.webp\" class=\"attachment-original size-original wp-post-image\" alt=\"\" srcset=\"https:\/\/www.tmfcyclingpad.com\/wp-content\/uploads\/2025\/07\/tmf-cover-41-quickdry.webp 2500w, https:\/\/www.tmfcyclingpad.com\/wp-content\/uploads\/2025\/07\/tmf-cover-41-quickdry-300x157.webp 300w, https:\/\/www.tmfcyclingpad.com\/wp-content\/uploads\/2025\/07\/tmf-cover-41-quickdry-1024x536.webp 1024w, https:\/\/www.tmfcyclingpad.com\/wp-content\/uploads\/2025\/07\/tmf-cover-41-quickdry-768x402.webp 768w, https:\/\/www.tmfcyclingpad.com\/wp-content\/uploads\/2025\/07\/tmf-cover-41-quickdry-1536x804.webp 1536w, https:\/\/www.tmfcyclingpad.com\/wp-content\/uploads\/2025\/07\/tmf-cover-41-quickdry-2048x1072.webp 2048w\" sizes=\"auto, (max-width: 2500px) 100vw, 2500px\" \/>  \t\t\t\t\t\t\t  \t\t\t\t\t\t\t  \t\t\t\t\t\t<\/div>\n  \t\t\t\t\t\t  \t\t\t\t\t<\/div>\n          \t\t\t\t\t<div class=\"box-text text-center\" style=\"background-color:rgb(255, 255, 255);\">\n\t\t\t\t\t<div class=\"box-text-inner blog-post-inner\">\n\n\t\t\t\t\t\n\t\t\t\t\t\t\t\t\t\t\t<p class=\"cat-label  is-xxsmall op-7 uppercase\">\n\t\t\t\t\tNews \t\t\t\t\t<\/p>\n\t\t\t\t\t\t\t\t\t\t<h5 class=\"post-title is-large \">QUICKDRY FRAME\u00ae: la tecnologia scelta da TMF per migliorare comfort e prestazioni in sella<\/h5>\n\t\t\t\t\t\t\t\t\t\t<div class=\"is-divider\"><\/div>\n\t\t\t\t\t\t\t\t\t\t<p class=\"from_the_blog_excerpt \">Da oltre 40 anni, TMF progetta e produce fondelli per ciclisti che ambiscono al massimo del comfort e delle prestazioni, anche nelle condizioni pi\u00f9 impegnative. Questa lunga esperienza ha insegnato a TMF che l&#8217;innovazione \u00e8 [...]\t\t\t\t\t<\/p>\n\t\t\t\t\t                    \n\t\t\t\t\t\t\t\t\t\t\t<button href=\"https:\/\/www.tmfcyclingpad.com\/it\/quickdry-la-tecnologia-scelta-da-tmf-per-migliorare-comfort-e-prestazioni-in-sella\/\" class=\"button primary is-gloss is-small mb-0\">\n\t\t\t\t\t\t\tLeggi tutto\t\t\t\t\t\t<\/button>\n\t\t\t\t\t\n\t\t\t\t\t\n\t\t\t\t\t<\/div>\n\t\t\t\t\t<\/div>\n\t\t\t\t\t\t\t\t\t\t\t\t\t\t\t\t<div class=\"badge absolute top post-date badge-outline\">\n\t\t\t\t\t\t\t<div class=\"badge-inner\">\n\t\t\t\t\t\t\t\t<span class=\"post-date-day\">09<\/span><br>\n\t\t\t\t\t\t\t\t<span class=\"post-date-month is-xsmall\">Lug<\/span>\n\t\t\t\t\t\t\t<\/div>\n\t\t\t\t\t\t<\/div>\n\t\t\t\t\t\t\t\t\t<\/div>\n\t\t\t\t<\/a>\n\t\t\t<\/div>\n\t\t<\/div><div class=\"col post-item\" >\n\t\t\t<div class=\"col-inner\">\n\t\t\t<a href=\"https:\/\/www.tmfcyclingpad.com\/it\/comfort-in-sella-per-lenduro-guida-alle-esigenze-del-ciclista\/\" class=\"plain\">\n\t\t\t\t<div class=\"box box-normal box-text-bottom box-blog-post has-hover\">\n            \t\t\t\t\t<div class=\"box-image\" >\n  \t\t\t\t\t\t<div class=\"image-zoom image-cover\" style=\"padding-top:56.25%;\">\n  \t\t\t\t\t\t\t<img loading=\"lazy\" decoding=\"async\" width=\"1200\" height=\"628\" src=\"https:\/\/www.tmfcyclingpad.com\/wp-content\/uploads\/2025\/06\/tmf-cover-37-giugno-2.webp\" class=\"attachment-original size-original wp-post-image\" alt=\"\" srcset=\"https:\/\/www.tmfcyclingpad.com\/wp-content\/uploads\/2025\/06\/tmf-cover-37-giugno-2.webp 1200w, https:\/\/www.tmfcyclingpad.com\/wp-content\/uploads\/2025\/06\/tmf-cover-37-giugno-2-300x157.webp 300w, https:\/\/www.tmfcyclingpad.com\/wp-content\/uploads\/2025\/06\/tmf-cover-37-giugno-2-1024x536.webp 1024w, https:\/\/www.tmfcyclingpad.com\/wp-content\/uploads\/2025\/06\/tmf-cover-37-giugno-2-768x402.webp 768w\" sizes=\"auto, (max-width: 1200px) 100vw, 1200px\" \/>  \t\t\t\t\t\t\t  \t\t\t\t\t\t\t  \t\t\t\t\t\t<\/div>\n  \t\t\t\t\t\t  \t\t\t\t\t<\/div>\n          \t\t\t\t\t<div class=\"box-text text-center\" style=\"background-color:rgb(255, 255, 255);\">\n\t\t\t\t\t<div class=\"box-text-inner blog-post-inner\">\n\n\t\t\t\t\t\n\t\t\t\t\t\t\t\t\t\t\t<p class=\"cat-label  is-xxsmall op-7 uppercase\">\n\t\t\t\t\tNews Prodotti \t\t\t\t\t<\/p>\n\t\t\t\t\t\t\t\t\t\t<h5 class=\"post-title is-large \">Comfort in sella per l\u2019Enduro: guida alle esigenze del ciclista<\/h5>\n\t\t\t\t\t\t\t\t\t\t<div class=\"is-divider\"><\/div>\n\t\t\t\t\t\t\t\t\t\t<p class=\"from_the_blog_excerpt \">L\u2019enduro non \u00e8 solo una disciplina ciclistica: \u00e8 una sfida continua tra tecnica, resistenza e controllo. I tracciati sono accidentati, le discese impegnative, i salti frequenti e la fatica costante. In questo contesto, ogni dettaglio [...]\t\t\t\t\t<\/p>\n\t\t\t\t\t                    \n\t\t\t\t\t\t\t\t\t\t\t<button href=\"https:\/\/www.tmfcyclingpad.com\/it\/comfort-in-sella-per-lenduro-guida-alle-esigenze-del-ciclista\/\" class=\"button primary is-gloss is-small mb-0\">\n\t\t\t\t\t\t\tLeggi tutto\t\t\t\t\t\t<\/button>\n\t\t\t\t\t\n\t\t\t\t\t\n\t\t\t\t\t<\/div>\n\t\t\t\t\t<\/div>\n\t\t\t\t\t\t\t\t\t\t\t\t\t\t\t\t<div class=\"badge absolute top post-date badge-outline\">\n\t\t\t\t\t\t\t<div class=\"badge-inner\">\n\t\t\t\t\t\t\t\t<span class=\"post-date-day\">25<\/span><br>\n\t\t\t\t\t\t\t\t<span class=\"post-date-month is-xsmall\">Giu<\/span>\n\t\t\t\t\t\t\t<\/div>\n\t\t\t\t\t\t<\/div>\n\t\t\t\t\t\t\t\t\t<\/div>\n\t\t\t\t<\/a>\n\t\t\t<\/div>\n\t\t<\/div><div class=\"col post-item\" >\n\t\t\t<div class=\"col-inner\">\n\t\t\t<a href=\"https:\/\/www.tmfcyclingpad.com\/it\/come-scegliere-il-fondello-giusto-per-ogni-disciplina-ciclistica\/\" class=\"plain\">\n\t\t\t\t<div class=\"box box-normal box-text-bottom box-blog-post has-hover\">\n            \t\t\t\t\t<div class=\"box-image\" >\n  \t\t\t\t\t\t<div class=\"image-zoom image-cover\" style=\"padding-top:56.25%;\">\n  \t\t\t\t\t\t\t<img loading=\"lazy\" decoding=\"async\" width=\"2500\" height=\"1308\" src=\"https:\/\/www.tmfcyclingpad.com\/wp-content\/uploads\/2025\/06\/tmf-cover-36-giugno-1-v4.webp\" class=\"attachment-original size-original wp-post-image\" alt=\"\" srcset=\"https:\/\/www.tmfcyclingpad.com\/wp-content\/uploads\/2025\/06\/tmf-cover-36-giugno-1-v4.webp 2500w, https:\/\/www.tmfcyclingpad.com\/wp-content\/uploads\/2025\/06\/tmf-cover-36-giugno-1-v4-300x157.webp 300w, https:\/\/www.tmfcyclingpad.com\/wp-content\/uploads\/2025\/06\/tmf-cover-36-giugno-1-v4-1024x536.webp 1024w, https:\/\/www.tmfcyclingpad.com\/wp-content\/uploads\/2025\/06\/tmf-cover-36-giugno-1-v4-768x402.webp 768w, https:\/\/www.tmfcyclingpad.com\/wp-content\/uploads\/2025\/06\/tmf-cover-36-giugno-1-v4-1536x804.webp 1536w, https:\/\/www.tmfcyclingpad.com\/wp-content\/uploads\/2025\/06\/tmf-cover-36-giugno-1-v4-2048x1072.webp 2048w\" sizes=\"auto, (max-width: 2500px) 100vw, 2500px\" \/>  \t\t\t\t\t\t\t  \t\t\t\t\t\t\t  \t\t\t\t\t\t<\/div>\n  \t\t\t\t\t\t  \t\t\t\t\t<\/div>\n          \t\t\t\t\t<div class=\"box-text text-center\" style=\"background-color:rgb(255, 255, 255);\">\n\t\t\t\t\t<div class=\"box-text-inner blog-post-inner\">\n\n\t\t\t\t\t\n\t\t\t\t\t\t\t\t\t\t\t<p class=\"cat-label  is-xxsmall op-7 uppercase\">\n\t\t\t\t\tNews Prodotti \t\t\t\t\t<\/p>\n\t\t\t\t\t\t\t\t\t\t<h5 class=\"post-title is-large \">Come scegliere il fondello giusto per ogni disciplina ciclistica<\/h5>\n\t\t\t\t\t\t\t\t\t\t<div class=\"is-divider\"><\/div>\n\t\t\t\t\t\t\t\t\t\t<p class=\"from_the_blog_excerpt \">Scegliere il fondello giusto non \u00e8 un dettaglio: pu\u00f2 fare la differenza tra prestazioni ottimali e fastidi in sella. In qualit\u00e0 di sviluppatore e produttore specializzato da oltre 40 anni in fondelli made in Italy [...]\t\t\t\t\t<\/p>\n\t\t\t\t\t                    \n\t\t\t\t\t\t\t\t\t\t\t<button href=\"https:\/\/www.tmfcyclingpad.com\/it\/come-scegliere-il-fondello-giusto-per-ogni-disciplina-ciclistica\/\" class=\"button primary is-gloss is-small mb-0\">\n\t\t\t\t\t\t\tLeggi tutto\t\t\t\t\t\t<\/button>\n\t\t\t\t\t\n\t\t\t\t\t\n\t\t\t\t\t<\/div>\n\t\t\t\t\t<\/div>\n\t\t\t\t\t\t\t\t\t\t\t\t\t\t\t\t<div class=\"badge absolute top post-date badge-outline\">\n\t\t\t\t\t\t\t<div class=\"badge-inner\">\n\t\t\t\t\t\t\t\t<span class=\"post-date-day\">18<\/span><br>\n\t\t\t\t\t\t\t\t<span class=\"post-date-month is-xsmall\">Giu<\/span>\n\t\t\t\t\t\t\t<\/div>\n\t\t\t\t\t\t<\/div>\n\t\t\t\t\t\t\t\t\t<\/div>\n\t\t\t\t<\/a>\n\t\t\t<\/div>\n\t\t<\/div><div class=\"col post-item\" >\n\t\t\t<div class=\"col-inner\">\n\t\t\t<a href=\"https:\/\/www.tmfcyclingpad.com\/it\/gravel-quando-il-fondello-giusto-fa-la-differenza\/\" class=\"plain\">\n\t\t\t\t<div class=\"box box-normal box-text-bottom box-blog-post has-hover\">\n            \t\t\t\t\t<div class=\"box-image\" >\n  \t\t\t\t\t\t<div class=\"image-zoom image-cover\" style=\"padding-top:56.25%;\">\n  \t\t\t\t\t\t\t<img loading=\"lazy\" decoding=\"async\" width=\"1004\" height=\"525\" src=\"https:\/\/www.tmfcyclingpad.com\/wp-content\/uploads\/2025\/05\/gravel-cycling-tmf.webp\" class=\"attachment-original size-original wp-post-image\" alt=\"\" srcset=\"https:\/\/www.tmfcyclingpad.com\/wp-content\/uploads\/2025\/05\/gravel-cycling-tmf.webp 1004w, https:\/\/www.tmfcyclingpad.com\/wp-content\/uploads\/2025\/05\/gravel-cycling-tmf-300x157.webp 300w, https:\/\/www.tmfcyclingpad.com\/wp-content\/uploads\/2025\/05\/gravel-cycling-tmf-768x402.webp 768w\" sizes=\"auto, (max-width: 1004px) 100vw, 1004px\" \/>  \t\t\t\t\t\t\t  \t\t\t\t\t\t\t  \t\t\t\t\t\t<\/div>\n  \t\t\t\t\t\t  \t\t\t\t\t<\/div>\n          \t\t\t\t\t<div class=\"box-text text-center\" style=\"background-color:rgb(255, 255, 255);\">\n\t\t\t\t\t<div class=\"box-text-inner blog-post-inner\">\n\n\t\t\t\t\t\n\t\t\t\t\t\t\t\t\t\t\t<p class=\"cat-label  is-xxsmall op-7 uppercase\">\n\t\t\t\t\tNews Prodotti \t\t\t\t\t<\/p>\n\t\t\t\t\t\t\t\t\t\t<h5 class=\"post-title is-large \">Gravel: quando il fondello giusto fa la differenza<\/h5>\n\t\t\t\t\t\t\t\t\t\t<div class=\"is-divider\"><\/div>\n\t\t\t\t\t\t\t\t\t\t<p class=\"from_the_blog_excerpt \">Negli ultimi anni, il gravel cycling \u00e8 diventato uno degli stili pi\u00f9 amati dai ciclisti di tutto il mondo, combinando il fuoristrada con l\u2019asfalto. Questa disciplina consente di esplorare percorsi misti, dalle strade bianche ai [...]\t\t\t\t\t<\/p>\n\t\t\t\t\t                    \n\t\t\t\t\t\t\t\t\t\t\t<button href=\"https:\/\/www.tmfcyclingpad.com\/it\/gravel-quando-il-fondello-giusto-fa-la-differenza\/\" class=\"button primary is-gloss is-small mb-0\">\n\t\t\t\t\t\t\tLeggi tutto\t\t\t\t\t\t<\/button>\n\t\t\t\t\t\n\t\t\t\t\t\n\t\t\t\t\t<\/div>\n\t\t\t\t\t<\/div>\n\t\t\t\t\t\t\t\t\t\t\t\t\t\t\t\t<div class=\"badge absolute top post-date badge-outline\">\n\t\t\t\t\t\t\t<div class=\"badge-inner\">\n\t\t\t\t\t\t\t\t<span class=\"post-date-day\">14<\/span><br>\n\t\t\t\t\t\t\t\t<span class=\"post-date-month is-xsmall\">Mag<\/span>\n\t\t\t\t\t\t\t<\/div>\n\t\t\t\t\t\t<\/div>\n\t\t\t\t\t\t\t\t\t<\/div>\n\t\t\t\t<\/a>\n\t\t\t<\/div>\n\t\t<\/div><div class=\"col post-item\" >\n\t\t\t<div class=\"col-inner\">\n\t\t\t<a href=\"https:\/\/www.tmfcyclingpad.com\/it\/giro-ditalia-2025-il-ruolo-fondamentale-di-un-fondello-di-qualita-nelle-grandi-sfide\/\" class=\"plain\">\n\t\t\t\t<div class=\"box box-normal box-text-bottom box-blog-post has-hover\">\n            \t\t\t\t\t<div class=\"box-image\" >\n  \t\t\t\t\t\t<div class=\"image-zoom image-cover\" style=\"padding-top:56.25%;\">\n  \t\t\t\t\t\t\t<img loading=\"lazy\" decoding=\"async\" width=\"2500\" height=\"1308\" src=\"https:\/\/www.tmfcyclingpad.com\/wp-content\/uploads\/2025\/03\/tmf-cover-33.webp\" class=\"attachment-original size-original wp-post-image\" alt=\"\" srcset=\"https:\/\/www.tmfcyclingpad.com\/wp-content\/uploads\/2025\/03\/tmf-cover-33.webp 2500w, https:\/\/www.tmfcyclingpad.com\/wp-content\/uploads\/2025\/03\/tmf-cover-33-300x157.webp 300w, https:\/\/www.tmfcyclingpad.com\/wp-content\/uploads\/2025\/03\/tmf-cover-33-1024x536.webp 1024w, https:\/\/www.tmfcyclingpad.com\/wp-content\/uploads\/2025\/03\/tmf-cover-33-768x402.webp 768w, https:\/\/www.tmfcyclingpad.com\/wp-content\/uploads\/2025\/03\/tmf-cover-33-1536x804.webp 1536w, https:\/\/www.tmfcyclingpad.com\/wp-content\/uploads\/2025\/03\/tmf-cover-33-2048x1072.webp 2048w\" sizes=\"auto, (max-width: 2500px) 100vw, 2500px\" \/>  \t\t\t\t\t\t\t  \t\t\t\t\t\t\t  \t\t\t\t\t\t<\/div>\n  \t\t\t\t\t\t  \t\t\t\t\t<\/div>\n          \t\t\t\t\t<div class=\"box-text text-center\" style=\"background-color:rgb(255, 255, 255);\">\n\t\t\t\t\t<div class=\"box-text-inner blog-post-inner\">\n\n\t\t\t\t\t\n\t\t\t\t\t\t\t\t\t\t\t<p class=\"cat-label  is-xxsmall op-7 uppercase\">\n\t\t\t\t\tNews Prodotti \t\t\t\t\t<\/p>\n\t\t\t\t\t\t\t\t\t\t<h5 class=\"post-title is-large \">Giro d\u2019Italia 2025: il ruolo fondamentale di un fondello di qualit\u00e0 nelle grandi sfide<\/h5>\n\t\t\t\t\t\t\t\t\t\t<div class=\"is-divider\"><\/div>\n\t\t\t\t\t\t\t\t\t\t<p class=\"from_the_blog_excerpt \">Il Giro d&#8217;Italia 2025 \u00e8 alle porte, pronto a regalare emozioni e sfide epiche agli appassionati di ciclismo di tutto il mondo. La 108\u00aa edizione della Corsa Rosa prender\u00e0 il via il 9 maggio da [...]\t\t\t\t\t<\/p>\n\t\t\t\t\t                    \n\t\t\t\t\t\t\t\t\t\t\t<button href=\"https:\/\/www.tmfcyclingpad.com\/it\/giro-ditalia-2025-il-ruolo-fondamentale-di-un-fondello-di-qualita-nelle-grandi-sfide\/\" class=\"button primary is-gloss is-small mb-0\">\n\t\t\t\t\t\t\tLeggi tutto\t\t\t\t\t\t<\/button>\n\t\t\t\t\t\n\t\t\t\t\t\n\t\t\t\t\t<\/div>\n\t\t\t\t\t<\/div>\n\t\t\t\t\t\t\t\t\t\t\t\t\t\t\t\t<div class=\"badge absolute top post-date badge-outline\">\n\t\t\t\t\t\t\t<div class=\"badge-inner\">\n\t\t\t\t\t\t\t\t<span class=\"post-date-day\">23<\/span><br>\n\t\t\t\t\t\t\t\t<span class=\"post-date-month is-xsmall\">Apr<\/span>\n\t\t\t\t\t\t\t<\/div>\n\t\t\t\t\t\t<\/div>\n\t\t\t\t\t\t\t\t\t<\/div>\n\t\t\t\t<\/a>\n\t\t\t<\/div>\n\t\t<\/div><div class=\"col post-item\" >\n\t\t\t<div class=\"col-inner\">\n\t\t\t<a href=\"https:\/\/www.tmfcyclingpad.com\/it\/e-bike-perche-i-fondelli-tmf-fanno-la-differenza\/\" class=\"plain\">\n\t\t\t\t<div class=\"box box-normal box-text-bottom box-blog-post has-hover\">\n            \t\t\t\t\t<div class=\"box-image\" >\n  \t\t\t\t\t\t<div class=\"image-zoom image-cover\" style=\"padding-top:56.25%;\">\n  \t\t\t\t\t\t\t<img loading=\"lazy\" decoding=\"async\" width=\"2500\" height=\"1308\" src=\"https:\/\/www.tmfcyclingpad.com\/wp-content\/uploads\/2025\/03\/tmf-cover-32.webp\" class=\"attachment-original size-original wp-post-image\" alt=\"\" srcset=\"https:\/\/www.tmfcyclingpad.com\/wp-content\/uploads\/2025\/03\/tmf-cover-32.webp 2500w, https:\/\/www.tmfcyclingpad.com\/wp-content\/uploads\/2025\/03\/tmf-cover-32-300x157.webp 300w, https:\/\/www.tmfcyclingpad.com\/wp-content\/uploads\/2025\/03\/tmf-cover-32-1024x536.webp 1024w, https:\/\/www.tmfcyclingpad.com\/wp-content\/uploads\/2025\/03\/tmf-cover-32-768x402.webp 768w, https:\/\/www.tmfcyclingpad.com\/wp-content\/uploads\/2025\/03\/tmf-cover-32-1536x804.webp 1536w, https:\/\/www.tmfcyclingpad.com\/wp-content\/uploads\/2025\/03\/tmf-cover-32-2048x1072.webp 2048w\" sizes=\"auto, (max-width: 2500px) 100vw, 2500px\" \/>  \t\t\t\t\t\t\t  \t\t\t\t\t\t\t  \t\t\t\t\t\t<\/div>\n  \t\t\t\t\t\t  \t\t\t\t\t<\/div>\n          \t\t\t\t\t<div class=\"box-text text-center\" style=\"background-color:rgb(255, 255, 255);\">\n\t\t\t\t\t<div class=\"box-text-inner blog-post-inner\">\n\n\t\t\t\t\t\n\t\t\t\t\t\t\t\t\t\t\t<p class=\"cat-label  is-xxsmall op-7 uppercase\">\n\t\t\t\t\tNews Prodotti \t\t\t\t\t<\/p>\n\t\t\t\t\t\t\t\t\t\t<h5 class=\"post-title is-large \">E-bike: perch\u00e9 i fondelli TMF fanno la differenza<\/h5>\n\t\t\t\t\t\t\t\t\t\t<div class=\"is-divider\"><\/div>\n\t\t\t\t\t\t\t\t\t\t<p class=\"from_the_blog_excerpt \">Negli ultimi anni le e-bike hanno conquistato sempre pi\u00f9 appassionati, trasformando il modo di vivere il ciclismo e aprendo nuove opportunit\u00e0 sia per chi si avvicina per la prima volta a questo sport, sia per [...]\t\t\t\t\t<\/p>\n\t\t\t\t\t                    \n\t\t\t\t\t\t\t\t\t\t\t<button href=\"https:\/\/www.tmfcyclingpad.com\/it\/e-bike-perche-i-fondelli-tmf-fanno-la-differenza\/\" class=\"button primary is-gloss is-small mb-0\">\n\t\t\t\t\t\t\tLeggi tutto\t\t\t\t\t\t<\/button>\n\t\t\t\t\t\n\t\t\t\t\t\n\t\t\t\t\t<\/div>\n\t\t\t\t\t<\/div>\n\t\t\t\t\t\t\t\t\t\t\t\t\t\t\t\t<div class=\"badge absolute top post-date badge-outline\">\n\t\t\t\t\t\t\t<div class=\"badge-inner\">\n\t\t\t\t\t\t\t\t<span class=\"post-date-day\">09<\/span><br>\n\t\t\t\t\t\t\t\t<span class=\"post-date-month is-xsmall\">Apr<\/span>\n\t\t\t\t\t\t\t<\/div>\n\t\t\t\t\t\t<\/div>\n\t\t\t\t\t\t\t\t\t<\/div>\n\t\t\t\t<\/a>\n\t\t\t<\/div>\n\t\t<\/div><div class=\"col post-item\" >\n\t\t\t<div class=\"col-inner\">\n\t\t\t<a href=\"https:\/\/www.tmfcyclingpad.com\/it\/fondelli-tmf-per-downhill-il-supporto-perfetto-per-le-discese-piu-estreme\/\" class=\"plain\">\n\t\t\t\t<div class=\"box box-normal box-text-bottom box-blog-post has-hover\">\n            \t\t\t\t\t<div class=\"box-image\" >\n  \t\t\t\t\t\t<div class=\"image-zoom image-cover\" style=\"padding-top:56.25%;\">\n  \t\t\t\t\t\t\t<img loading=\"lazy\" decoding=\"async\" width=\"2500\" height=\"1308\" src=\"https:\/\/www.tmfcyclingpad.com\/wp-content\/uploads\/2025\/02\/tmf-cover-31.webp\" class=\"attachment-original size-original wp-post-image\" alt=\"\" srcset=\"https:\/\/www.tmfcyclingpad.com\/wp-content\/uploads\/2025\/02\/tmf-cover-31.webp 2500w, https:\/\/www.tmfcyclingpad.com\/wp-content\/uploads\/2025\/02\/tmf-cover-31-300x157.webp 300w, https:\/\/www.tmfcyclingpad.com\/wp-content\/uploads\/2025\/02\/tmf-cover-31-1024x536.webp 1024w, https:\/\/www.tmfcyclingpad.com\/wp-content\/uploads\/2025\/02\/tmf-cover-31-768x402.webp 768w, https:\/\/www.tmfcyclingpad.com\/wp-content\/uploads\/2025\/02\/tmf-cover-31-1536x804.webp 1536w, https:\/\/www.tmfcyclingpad.com\/wp-content\/uploads\/2025\/02\/tmf-cover-31-2048x1072.webp 2048w\" sizes=\"auto, (max-width: 2500px) 100vw, 2500px\" \/>  \t\t\t\t\t\t\t  \t\t\t\t\t\t\t  \t\t\t\t\t\t<\/div>\n  \t\t\t\t\t\t  \t\t\t\t\t<\/div>\n          \t\t\t\t\t<div class=\"box-text text-center\" style=\"background-color:rgb(255, 255, 255);\">\n\t\t\t\t\t<div class=\"box-text-inner blog-post-inner\">\n\n\t\t\t\t\t\n\t\t\t\t\t\t\t\t\t\t\t<p class=\"cat-label  is-xxsmall op-7 uppercase\">\n\t\t\t\t\tNews Prodotti \t\t\t\t\t<\/p>\n\t\t\t\t\t\t\t\t\t\t<h5 class=\"post-title is-large \">Fondelli TMF per Downhill: il supporto perfetto per le discese pi\u00f9 estreme<\/h5>\n\t\t\t\t\t\t\t\t\t\t<div class=\"is-divider\"><\/div>\n\t\t\t\t\t\t\t\t\t\t<p class=\"from_the_blog_excerpt \">Il Downhill \u00e8 una disciplina ad alta intensit\u00e0, caratterizzata da elevate velocit\u00e0, salti, curve strette e terreni accidentati. Affrontare una discesa ripida richiede il massimo controllo, resistenza ed anche una protezione adeguata. Un elemento cruciale [...]\t\t\t\t\t<\/p>\n\t\t\t\t\t                    \n\t\t\t\t\t\t\t\t\t\t\t<button href=\"https:\/\/www.tmfcyclingpad.com\/it\/fondelli-tmf-per-downhill-il-supporto-perfetto-per-le-discese-piu-estreme\/\" class=\"button primary is-gloss is-small mb-0\">\n\t\t\t\t\t\t\tLeggi tutto\t\t\t\t\t\t<\/button>\n\t\t\t\t\t\n\t\t\t\t\t\n\t\t\t\t\t<\/div>\n\t\t\t\t\t<\/div>\n\t\t\t\t\t\t\t\t\t\t\t\t\t\t\t\t<div class=\"badge absolute top post-date badge-outline\">\n\t\t\t\t\t\t\t<div class=\"badge-inner\">\n\t\t\t\t\t\t\t\t<span class=\"post-date-day\">26<\/span><br>\n\t\t\t\t\t\t\t\t<span class=\"post-date-month is-xsmall\">Mar<\/span>\n\t\t\t\t\t\t\t<\/div>\n\t\t\t\t\t\t<\/div>\n\t\t\t\t\t\t\t\t\t<\/div>\n\t\t\t\t<\/a>\n\t\t\t<\/div>\n\t\t<\/div><div class=\"col post-item\" >\n\t\t\t<div class=\"col-inner\">\n\t\t\t<a href=\"https:\/\/www.tmfcyclingpad.com\/it\/come-t-novib-protegge-il-ciclista-grazie-alle-sue-proprieta-anti-vibrazione\/\" class=\"plain\">\n\t\t\t\t<div class=\"box box-normal box-text-bottom box-blog-post has-hover\">\n            \t\t\t\t\t<div class=\"box-image\" >\n  \t\t\t\t\t\t<div class=\"image-zoom image-cover\" style=\"padding-top:56.25%;\">\n  \t\t\t\t\t\t\t<img loading=\"lazy\" decoding=\"async\" width=\"2500\" height=\"1308\" src=\"https:\/\/www.tmfcyclingpad.com\/wp-content\/uploads\/2025\/03\/image004-ai.webp\" class=\"attachment-original size-original wp-post-image\" alt=\"\" srcset=\"https:\/\/www.tmfcyclingpad.com\/wp-content\/uploads\/2025\/03\/image004-ai.webp 2500w, https:\/\/www.tmfcyclingpad.com\/wp-content\/uploads\/2025\/03\/image004-ai-300x157.webp 300w, https:\/\/www.tmfcyclingpad.com\/wp-content\/uploads\/2025\/03\/image004-ai-1024x536.webp 1024w, https:\/\/www.tmfcyclingpad.com\/wp-content\/uploads\/2025\/03\/image004-ai-768x402.webp 768w, https:\/\/www.tmfcyclingpad.com\/wp-content\/uploads\/2025\/03\/image004-ai-1536x804.webp 1536w, https:\/\/www.tmfcyclingpad.com\/wp-content\/uploads\/2025\/03\/image004-ai-2048x1072.webp 2048w\" sizes=\"auto, (max-width: 2500px) 100vw, 2500px\" \/>  \t\t\t\t\t\t\t  \t\t\t\t\t\t\t  \t\t\t\t\t\t<\/div>\n  \t\t\t\t\t\t  \t\t\t\t\t<\/div>\n          \t\t\t\t\t<div class=\"box-text text-center\" style=\"background-color:rgb(255, 255, 255);\">\n\t\t\t\t\t<div class=\"box-text-inner blog-post-inner\">\n\n\t\t\t\t\t\n\t\t\t\t\t\t\t\t\t\t\t<p class=\"cat-label  is-xxsmall op-7 uppercase\">\n\t\t\t\t\tNews Prodotti \t\t\t\t\t<\/p>\n\t\t\t\t\t\t\t\t\t\t<h5 class=\"post-title is-large \">Come T-Novib protegge il ciclista grazie alle sue propriet\u00e0 anti-vibrazione<\/h5>\n\t\t\t\t\t\t\t\t\t\t<div class=\"is-divider\"><\/div>\n\t\t\t\t\t\t\t\t\t\t<p class=\"from_the_blog_excerpt \">Nel ciclismo, comfort e protezione sono fondamentali per ottimizzare le prestazioni e minimizzare l&#8217;affaticamento. Le vibrazioni generate dal contatto con il terreno rappresentano una delle sfide principali per i ciclisti, in particolare durante le lunghe [...]\t\t\t\t\t<\/p>\n\t\t\t\t\t                    \n\t\t\t\t\t\t\t\t\t\t\t<button href=\"https:\/\/www.tmfcyclingpad.com\/it\/come-t-novib-protegge-il-ciclista-grazie-alle-sue-proprieta-anti-vibrazione\/\" class=\"button primary is-gloss is-small mb-0\">\n\t\t\t\t\t\t\tLeggi tutto\t\t\t\t\t\t<\/button>\n\t\t\t\t\t\n\t\t\t\t\t\n\t\t\t\t\t<\/div>\n\t\t\t\t\t<\/div>\n\t\t\t\t\t\t\t\t\t\t\t\t\t\t\t\t<div class=\"badge absolute top post-date badge-outline\">\n\t\t\t\t\t\t\t<div class=\"badge-inner\">\n\t\t\t\t\t\t\t\t<span class=\"post-date-day\">12<\/span><br>\n\t\t\t\t\t\t\t\t<span class=\"post-date-month is-xsmall\">Mar<\/span>\n\t\t\t\t\t\t\t<\/div>\n\t\t\t\t\t\t<\/div>\n\t\t\t\t\t\t\t\t\t<\/div>\n\t\t\t\t<\/a>\n\t\t\t<\/div>\n\t\t<\/div><div class=\"col post-item\" >\n\t\t\t<div class=\"col-inner\">\n\t\t\t<a href=\"https:\/\/www.tmfcyclingpad.com\/it\/ricerca-e-sviluppo-tmf-fondelli-per-ciclista-progettati-per-la-massima-performance\/\" class=\"plain\">\n\t\t\t\t<div class=\"box box-normal box-text-bottom box-blog-post has-hover\">\n            \t\t\t\t\t<div class=\"box-image\" >\n  \t\t\t\t\t\t<div class=\"image-zoom image-cover\" style=\"padding-top:56.25%;\">\n  \t\t\t\t\t\t\t<img loading=\"lazy\" decoding=\"async\" width=\"2500\" height=\"1308\" src=\"https:\/\/www.tmfcyclingpad.com\/wp-content\/uploads\/2025\/02\/tmf-cover30-v2.webp\" class=\"attachment-original size-original wp-post-image\" alt=\"\" srcset=\"https:\/\/www.tmfcyclingpad.com\/wp-content\/uploads\/2025\/02\/tmf-cover30-v2.webp 2500w, https:\/\/www.tmfcyclingpad.com\/wp-content\/uploads\/2025\/02\/tmf-cover30-v2-300x157.webp 300w, https:\/\/www.tmfcyclingpad.com\/wp-content\/uploads\/2025\/02\/tmf-cover30-v2-1024x536.webp 1024w, https:\/\/www.tmfcyclingpad.com\/wp-content\/uploads\/2025\/02\/tmf-cover30-v2-768x402.webp 768w, https:\/\/www.tmfcyclingpad.com\/wp-content\/uploads\/2025\/02\/tmf-cover30-v2-1536x804.webp 1536w, https:\/\/www.tmfcyclingpad.com\/wp-content\/uploads\/2025\/02\/tmf-cover30-v2-2048x1072.webp 2048w\" sizes=\"auto, (max-width: 2500px) 100vw, 2500px\" \/>  \t\t\t\t\t\t\t  \t\t\t\t\t\t\t  \t\t\t\t\t\t<\/div>\n  \t\t\t\t\t\t  \t\t\t\t\t<\/div>\n          \t\t\t\t\t<div class=\"box-text text-center\" style=\"background-color:rgb(255, 255, 255);\">\n\t\t\t\t\t<div class=\"box-text-inner blog-post-inner\">\n\n\t\t\t\t\t\n\t\t\t\t\t\t\t\t\t\t\t<p class=\"cat-label  is-xxsmall op-7 uppercase\">\n\t\t\t\t\tFilosofia TMF News \t\t\t\t\t<\/p>\n\t\t\t\t\t\t\t\t\t\t<h5 class=\"post-title is-large \">Ricerca e Sviluppo TMF: Fondelli per ciclista progettati per la Massima Performance<\/h5>\n\t\t\t\t\t\t\t\t\t\t<div class=\"is-divider\"><\/div>\n\t\t\t\t\t\t\t\t\t\t<p class=\"from_the_blog_excerpt \">La qualit\u00e0 dei fondelli per ciclismo TMF \u00e8 il frutto di una continua ricerca e di rigorosi test. Grazie al proprio Centro di Ricerca e Sviluppo, TMF \u00e8 in grado di sviluppare prodotti altamente performanti, [...]\t\t\t\t\t<\/p>\n\t\t\t\t\t                    \n\t\t\t\t\t\t\t\t\t\t\t<button href=\"https:\/\/www.tmfcyclingpad.com\/it\/ricerca-e-sviluppo-tmf-fondelli-per-ciclista-progettati-per-la-massima-performance\/\" class=\"button primary is-gloss is-small mb-0\">\n\t\t\t\t\t\t\tLeggi tutto\t\t\t\t\t\t<\/button>\n\t\t\t\t\t\n\t\t\t\t\t\n\t\t\t\t\t<\/div>\n\t\t\t\t\t<\/div>\n\t\t\t\t\t\t\t\t\t\t\t\t\t\t\t\t<div class=\"badge absolute top post-date badge-outline\">\n\t\t\t\t\t\t\t<div class=\"badge-inner\">\n\t\t\t\t\t\t\t\t<span class=\"post-date-day\">19<\/span><br>\n\t\t\t\t\t\t\t\t<span class=\"post-date-month is-xsmall\">Feb<\/span>\n\t\t\t\t\t\t\t<\/div>\n\t\t\t\t\t\t<\/div>\n\t\t\t\t\t\t\t\t\t<\/div>\n\t\t\t\t<\/a>\n\t\t\t<\/div>\n\t\t<\/div><div class=\"col post-item\" >\n\t\t\t<div class=\"col-inner\">\n\t\t\t<a href=\"https:\/\/www.tmfcyclingpad.com\/it\/tmf-a-performance-days-fondelli-per-un-ciclismo-innovativo-e-sostenibile\/\" class=\"plain\">\n\t\t\t\t<div class=\"box box-normal box-text-bottom box-blog-post has-hover\">\n            \t\t\t\t\t<div class=\"box-image\" >\n  \t\t\t\t\t\t<div class=\"image-zoom image-cover\" style=\"padding-top:56.25%;\">\n  \t\t\t\t\t\t\t<img loading=\"lazy\" decoding=\"async\" width=\"2500\" height=\"1308\" src=\"https:\/\/www.tmfcyclingpad.com\/wp-content\/uploads\/2025\/01\/tmf-cover-29-ok.webp\" class=\"attachment-original size-original wp-post-image\" alt=\"\" srcset=\"https:\/\/www.tmfcyclingpad.com\/wp-content\/uploads\/2025\/01\/tmf-cover-29-ok.webp 2500w, https:\/\/www.tmfcyclingpad.com\/wp-content\/uploads\/2025\/01\/tmf-cover-29-ok-300x157.webp 300w, https:\/\/www.tmfcyclingpad.com\/wp-content\/uploads\/2025\/01\/tmf-cover-29-ok-1024x536.webp 1024w, https:\/\/www.tmfcyclingpad.com\/wp-content\/uploads\/2025\/01\/tmf-cover-29-ok-768x402.webp 768w, https:\/\/www.tmfcyclingpad.com\/wp-content\/uploads\/2025\/01\/tmf-cover-29-ok-1536x804.webp 1536w, https:\/\/www.tmfcyclingpad.com\/wp-content\/uploads\/2025\/01\/tmf-cover-29-ok-2048x1072.webp 2048w\" sizes=\"auto, (max-width: 2500px) 100vw, 2500px\" \/>  \t\t\t\t\t\t\t  \t\t\t\t\t\t\t  \t\t\t\t\t\t<\/div>\n  \t\t\t\t\t\t  \t\t\t\t\t<\/div>\n          \t\t\t\t\t<div class=\"box-text text-center\" style=\"background-color:rgb(255, 255, 255);\">\n\t\t\t\t\t<div class=\"box-text-inner blog-post-inner\">\n\n\t\t\t\t\t\n\t\t\t\t\t\t\t\t\t\t\t<p class=\"cat-label  is-xxsmall op-7 uppercase\">\n\t\t\t\t\tFiere News \t\t\t\t\t<\/p>\n\t\t\t\t\t\t\t\t\t\t<h5 class=\"post-title is-large \">TMF a PERFORMANCE DAYS: fondelli per un ciclismo innovativo e sostenibile<\/h5>\n\t\t\t\t\t\t\t\t\t\t<div class=\"is-divider\"><\/div>\n\t\t\t\t\t\t\t\t\t\t<p class=\"from_the_blog_excerpt \">TMF \u00e8 lieta di annunciare la sua partecipazione alla fiera di PERFORMANCE DAYS, evento internazionale dedicato ai tessuti ed agli accessori per lo sport, il lavoro e il tempo libero. Questa fiera, riconosciuta come uno [...]\t\t\t\t\t<\/p>\n\t\t\t\t\t                    \n\t\t\t\t\t\t\t\t\t\t\t<button href=\"https:\/\/www.tmfcyclingpad.com\/it\/tmf-a-performance-days-fondelli-per-un-ciclismo-innovativo-e-sostenibile\/\" class=\"button primary is-gloss is-small mb-0\">\n\t\t\t\t\t\t\tLeggi tutto\t\t\t\t\t\t<\/button>\n\t\t\t\t\t\n\t\t\t\t\t\n\t\t\t\t\t<\/div>\n\t\t\t\t\t<\/div>\n\t\t\t\t\t\t\t\t\t\t\t\t\t\t\t\t<div class=\"badge absolute top post-date badge-outline\">\n\t\t\t\t\t\t\t<div class=\"badge-inner\">\n\t\t\t\t\t\t\t\t<span class=\"post-date-day\">05<\/span><br>\n\t\t\t\t\t\t\t\t<span class=\"post-date-month is-xsmall\">Feb<\/span>\n\t\t\t\t\t\t\t<\/div>\n\t\t\t\t\t\t<\/div>\n\t\t\t\t\t\t\t\t\t<\/div>\n\t\t\t\t<\/a>\n\t\t\t<\/div>\n\t\t<\/div><div class=\"col post-item\" >\n\t\t\t<div class=\"col-inner\">\n\t\t\t<a href=\"https:\/\/www.tmfcyclingpad.com\/it\/ambiente-e-terreno-le-esigenze-dei-ciclisti-e-le-caratteristiche-dei-fondelli\/\" class=\"plain\">\n\t\t\t\t<div class=\"box box-normal box-text-bottom box-blog-post has-hover\">\n            \t\t\t\t\t<div class=\"box-image\" >\n  \t\t\t\t\t\t<div class=\"image-zoom image-cover\" style=\"padding-top:56.25%;\">\n  \t\t\t\t\t\t\t<img loading=\"lazy\" decoding=\"async\" width=\"2500\" height=\"1308\" src=\"https:\/\/www.tmfcyclingpad.com\/wp-content\/uploads\/2024\/12\/tmf-cover-18okok.webp\" class=\"attachment-original size-original wp-post-image\" alt=\"\" srcset=\"https:\/\/www.tmfcyclingpad.com\/wp-content\/uploads\/2024\/12\/tmf-cover-18okok.webp 2500w, https:\/\/www.tmfcyclingpad.com\/wp-content\/uploads\/2024\/12\/tmf-cover-18okok-300x157.webp 300w, https:\/\/www.tmfcyclingpad.com\/wp-content\/uploads\/2024\/12\/tmf-cover-18okok-1024x536.webp 1024w, https:\/\/www.tmfcyclingpad.com\/wp-content\/uploads\/2024\/12\/tmf-cover-18okok-768x402.webp 768w, https:\/\/www.tmfcyclingpad.com\/wp-content\/uploads\/2024\/12\/tmf-cover-18okok-1536x804.webp 1536w, https:\/\/www.tmfcyclingpad.com\/wp-content\/uploads\/2024\/12\/tmf-cover-18okok-2048x1072.webp 2048w\" sizes=\"auto, (max-width: 2500px) 100vw, 2500px\" \/>  \t\t\t\t\t\t\t  \t\t\t\t\t\t\t  \t\t\t\t\t\t<\/div>\n  \t\t\t\t\t\t  \t\t\t\t\t<\/div>\n          \t\t\t\t\t<div class=\"box-text text-center\" style=\"background-color:rgb(255, 255, 255);\">\n\t\t\t\t\t<div class=\"box-text-inner blog-post-inner\">\n\n\t\t\t\t\t\n\t\t\t\t\t\t\t\t\t\t\t<p class=\"cat-label  is-xxsmall op-7 uppercase\">\n\t\t\t\t\tFilosofia TMF News \t\t\t\t\t<\/p>\n\t\t\t\t\t\t\t\t\t\t<h5 class=\"post-title is-large \">Ambiente e terreno: le esigenze dei ciclisti e le caratteristiche dei fondelli<\/h5>\n\t\t\t\t\t\t\t\t\t\t<div class=\"is-divider\"><\/div>\n\t\t\t\t\t\t\t\t\t\t<p class=\"from_the_blog_excerpt \">Quando si parla di ciclismo, molti fattori possono influenzare il comfort e le prestazioni di un ciclista. Tra questi, l\u2019ambiente, le condizioni meteorologiche e il tipo di terreno rivestono un ruolo fondamentale. La scelta del [...]\t\t\t\t\t<\/p>\n\t\t\t\t\t                    \n\t\t\t\t\t\t\t\t\t\t\t<button href=\"https:\/\/www.tmfcyclingpad.com\/it\/ambiente-e-terreno-le-esigenze-dei-ciclisti-e-le-caratteristiche-dei-fondelli\/\" class=\"button primary is-gloss is-small mb-0\">\n\t\t\t\t\t\t\tLeggi tutto\t\t\t\t\t\t<\/button>\n\t\t\t\t\t\n\t\t\t\t\t\n\t\t\t\t\t<\/div>\n\t\t\t\t\t<\/div>\n\t\t\t\t\t\t\t\t\t\t\t\t\t\t\t\t<div class=\"badge absolute top post-date badge-outline\">\n\t\t\t\t\t\t\t<div class=\"badge-inner\">\n\t\t\t\t\t\t\t\t<span class=\"post-date-day\">22<\/span><br>\n\t\t\t\t\t\t\t\t<span class=\"post-date-month is-xsmall\">Gen<\/span>\n\t\t\t\t\t\t\t<\/div>\n\t\t\t\t\t\t<\/div>\n\t\t\t\t\t\t\t\t\t<\/div>\n\t\t\t\t<\/a>\n\t\t\t<\/div>\n\t\t<\/div><div class=\"col post-item\" >\n\t\t\t<div class=\"col-inner\">\n\t\t\t<a href=\"https:\/\/www.tmfcyclingpad.com\/it\/scopri-come-airmesh-migliora-la-traspirabilita-dei-fondelli-da-ciclismo-tmf\/\" class=\"plain\">\n\t\t\t\t<div class=\"box box-normal box-text-bottom box-blog-post has-hover\">\n            \t\t\t\t\t<div class=\"box-image\" >\n  \t\t\t\t\t\t<div class=\"image-zoom image-cover\" style=\"padding-top:56.25%;\">\n  \t\t\t\t\t\t\t<img loading=\"lazy\" decoding=\"async\" width=\"2500\" height=\"1308\" src=\"https:\/\/www.tmfcyclingpad.com\/wp-content\/uploads\/2024\/12\/tmf-cover-26.webp\" class=\"attachment-original size-original wp-post-image\" alt=\"\" srcset=\"https:\/\/www.tmfcyclingpad.com\/wp-content\/uploads\/2024\/12\/tmf-cover-26.webp 2500w, https:\/\/www.tmfcyclingpad.com\/wp-content\/uploads\/2024\/12\/tmf-cover-26-300x157.webp 300w, https:\/\/www.tmfcyclingpad.com\/wp-content\/uploads\/2024\/12\/tmf-cover-26-1024x536.webp 1024w, https:\/\/www.tmfcyclingpad.com\/wp-content\/uploads\/2024\/12\/tmf-cover-26-768x402.webp 768w, https:\/\/www.tmfcyclingpad.com\/wp-content\/uploads\/2024\/12\/tmf-cover-26-1536x804.webp 1536w, https:\/\/www.tmfcyclingpad.com\/wp-content\/uploads\/2024\/12\/tmf-cover-26-2048x1072.webp 2048w\" sizes=\"auto, (max-width: 2500px) 100vw, 2500px\" \/>  \t\t\t\t\t\t\t  \t\t\t\t\t\t\t  \t\t\t\t\t\t<\/div>\n  \t\t\t\t\t\t  \t\t\t\t\t<\/div>\n          \t\t\t\t\t<div class=\"box-text text-center\" style=\"background-color:rgb(255, 255, 255);\">\n\t\t\t\t\t<div class=\"box-text-inner blog-post-inner\">\n\n\t\t\t\t\t\n\t\t\t\t\t\t\t\t\t\t\t<p class=\"cat-label  is-xxsmall op-7 uppercase\">\n\t\t\t\t\tNews Prodotti \t\t\t\t\t<\/p>\n\t\t\t\t\t\t\t\t\t\t<h5 class=\"post-title is-large \">Scopri come Airmesh migliora la traspirabilit\u00e0 dei fondelli da ciclismo TMF<\/h5>\n\t\t\t\t\t\t\t\t\t\t<div class=\"is-divider\"><\/div>\n\t\t\t\t\t\t\t\t\t\t<p class=\"from_the_blog_excerpt \">Per un comfort ottimale e prestazioni elevate, la scelta del fondello \u00e8 cruciale, che si tratti di brevi o lunghe distanze. Tra le innovazioni pi\u00f9 all&#8217;avanguardia di TMF, la tecnologia Airmesh si distingue per la [...]\t\t\t\t\t<\/p>\n\t\t\t\t\t                    \n\t\t\t\t\t\t\t\t\t\t\t<button href=\"https:\/\/www.tmfcyclingpad.com\/it\/scopri-come-airmesh-migliora-la-traspirabilita-dei-fondelli-da-ciclismo-tmf\/\" class=\"button primary is-gloss is-small mb-0\">\n\t\t\t\t\t\t\tLeggi tutto\t\t\t\t\t\t<\/button>\n\t\t\t\t\t\n\t\t\t\t\t\n\t\t\t\t\t<\/div>\n\t\t\t\t\t<\/div>\n\t\t\t\t\t\t\t\t\t\t\t\t\t\t\t\t<div class=\"badge absolute top post-date badge-outline\">\n\t\t\t\t\t\t\t<div class=\"badge-inner\">\n\t\t\t\t\t\t\t\t<span class=\"post-date-day\">08<\/span><br>\n\t\t\t\t\t\t\t\t<span class=\"post-date-month is-xsmall\">Gen<\/span>\n\t\t\t\t\t\t\t<\/div>\n\t\t\t\t\t\t<\/div>\n\t\t\t\t\t\t\t\t\t<\/div>\n\t\t\t\t<\/a>\n\t\t\t<\/div>\n\t\t<\/div><div class=\"col post-item\" >\n\t\t\t<div class=\"col-inner\">\n\t\t\t<a href=\"https:\/\/www.tmfcyclingpad.com\/it\/guida-alla-scelta-dei-fondelli-ideali-per-il-triathlon\/\" class=\"plain\">\n\t\t\t\t<div class=\"box box-normal box-text-bottom box-blog-post has-hover\">\n            \t\t\t\t\t<div class=\"box-image\" >\n  \t\t\t\t\t\t<div class=\"image-zoom image-cover\" style=\"padding-top:56.25%;\">\n  \t\t\t\t\t\t\t<img loading=\"lazy\" decoding=\"async\" width=\"2500\" height=\"1308\" src=\"https:\/\/www.tmfcyclingpad.com\/wp-content\/uploads\/2024\/12\/tmf-cover-triathlon-man.webp\" class=\"attachment-original size-original wp-post-image\" alt=\"\" srcset=\"https:\/\/www.tmfcyclingpad.com\/wp-content\/uploads\/2024\/12\/tmf-cover-triathlon-man.webp 2500w, https:\/\/www.tmfcyclingpad.com\/wp-content\/uploads\/2024\/12\/tmf-cover-triathlon-man-300x157.webp 300w, https:\/\/www.tmfcyclingpad.com\/wp-content\/uploads\/2024\/12\/tmf-cover-triathlon-man-1024x536.webp 1024w, https:\/\/www.tmfcyclingpad.com\/wp-content\/uploads\/2024\/12\/tmf-cover-triathlon-man-768x402.webp 768w, https:\/\/www.tmfcyclingpad.com\/wp-content\/uploads\/2024\/12\/tmf-cover-triathlon-man-1536x804.webp 1536w, https:\/\/www.tmfcyclingpad.com\/wp-content\/uploads\/2024\/12\/tmf-cover-triathlon-man-2048x1072.webp 2048w\" sizes=\"auto, (max-width: 2500px) 100vw, 2500px\" \/>  \t\t\t\t\t\t\t  \t\t\t\t\t\t\t  \t\t\t\t\t\t<\/div>\n  \t\t\t\t\t\t  \t\t\t\t\t<\/div>\n          \t\t\t\t\t<div class=\"box-text text-center\" style=\"background-color:rgb(255, 255, 255);\">\n\t\t\t\t\t<div class=\"box-text-inner blog-post-inner\">\n\n\t\t\t\t\t\n\t\t\t\t\t\t\t\t\t\t\t<p class=\"cat-label  is-xxsmall op-7 uppercase\">\n\t\t\t\t\tFilosofia TMF News \t\t\t\t\t<\/p>\n\t\t\t\t\t\t\t\t\t\t<h5 class=\"post-title is-large \">Guida alla scelta dei fondelli ideali per il Triathlon<\/h5>\n\t\t\t\t\t\t\t\t\t\t<div class=\"is-divider\"><\/div>\n\t\t\t\t\t\t\t\t\t\t<p class=\"from_the_blog_excerpt \">Il triathlon \u00e8 uno sport complesso e impegnativo che combina nuoto, ciclismo e corsa in un&#8217;unica gara. Scegliere l\u2019equipaggiamento giusto \u00e8 fondamentale per ottenere prestazioni ottimali durante tutte le fasi della competizione. Tra gli elementi [...]\t\t\t\t\t<\/p>\n\t\t\t\t\t                    \n\t\t\t\t\t\t\t\t\t\t\t<button href=\"https:\/\/www.tmfcyclingpad.com\/it\/guida-alla-scelta-dei-fondelli-ideali-per-il-triathlon\/\" class=\"button primary is-gloss is-small mb-0\">\n\t\t\t\t\t\t\tLeggi tutto\t\t\t\t\t\t<\/button>\n\t\t\t\t\t\n\t\t\t\t\t\n\t\t\t\t\t<\/div>\n\t\t\t\t\t<\/div>\n\t\t\t\t\t\t\t\t\t\t\t\t\t\t\t\t<div class=\"badge absolute top post-date badge-outline\">\n\t\t\t\t\t\t\t<div class=\"badge-inner\">\n\t\t\t\t\t\t\t\t<span class=\"post-date-day\">04<\/span><br>\n\t\t\t\t\t\t\t\t<span class=\"post-date-month is-xsmall\">Dic<\/span>\n\t\t\t\t\t\t\t<\/div>\n\t\t\t\t\t\t<\/div>\n\t\t\t\t\t\t\t\t\t<\/div>\n\t\t\t\t<\/a>\n\t\t\t<\/div>\n\t\t<\/div><div class=\"col post-item\" >\n\t\t\t<div class=\"col-inner\">\n\t\t\t<a href=\"https:\/\/www.tmfcyclingpad.com\/it\/il-nostro-centro-di-ricerca-e-sviluppo-dove-nascono-i-fondelli-tmf\/\" class=\"plain\">\n\t\t\t\t<div class=\"box box-normal box-text-bottom box-blog-post has-hover\">\n            \t\t\t\t\t<div class=\"box-image\" >\n  \t\t\t\t\t\t<div class=\"image-zoom image-cover\" style=\"padding-top:56.25%;\">\n  \t\t\t\t\t\t\t<img loading=\"lazy\" decoding=\"async\" width=\"2500\" height=\"1308\" src=\"https:\/\/www.tmfcyclingpad.com\/wp-content\/uploads\/2024\/11\/tmf-cover-15.webp\" class=\"attachment-original size-original wp-post-image\" alt=\"\" srcset=\"https:\/\/www.tmfcyclingpad.com\/wp-content\/uploads\/2024\/11\/tmf-cover-15.webp 2500w, https:\/\/www.tmfcyclingpad.com\/wp-content\/uploads\/2024\/11\/tmf-cover-15-300x157.webp 300w, https:\/\/www.tmfcyclingpad.com\/wp-content\/uploads\/2024\/11\/tmf-cover-15-1024x536.webp 1024w, https:\/\/www.tmfcyclingpad.com\/wp-content\/uploads\/2024\/11\/tmf-cover-15-768x402.webp 768w, https:\/\/www.tmfcyclingpad.com\/wp-content\/uploads\/2024\/11\/tmf-cover-15-1536x804.webp 1536w, https:\/\/www.tmfcyclingpad.com\/wp-content\/uploads\/2024\/11\/tmf-cover-15-2048x1072.webp 2048w\" sizes=\"auto, (max-width: 2500px) 100vw, 2500px\" \/>  \t\t\t\t\t\t\t  \t\t\t\t\t\t\t  \t\t\t\t\t\t<\/div>\n  \t\t\t\t\t\t  \t\t\t\t\t<\/div>\n          \t\t\t\t\t<div class=\"box-text text-center\" style=\"background-color:rgb(255, 255, 255);\">\n\t\t\t\t\t<div class=\"box-text-inner blog-post-inner\">\n\n\t\t\t\t\t\n\t\t\t\t\t\t\t\t\t\t\t<p class=\"cat-label  is-xxsmall op-7 uppercase\">\n\t\t\t\t\tFilosofia TMF News \t\t\t\t\t<\/p>\n\t\t\t\t\t\t\t\t\t\t<h5 class=\"post-title is-large \">Il nostro Centro di Ricerca e Sviluppo: dove nascono i fondelli TMF<\/h5>\n\t\t\t\t\t\t\t\t\t\t<div class=\"is-divider\"><\/div>\n\t\t\t\t\t\t\t\t\t\t<p class=\"from_the_blog_excerpt \">TMF investe costantemente in innovazione e ricerca per realizzare fondelli da ciclismo che migliorano il comfort e tutelano la salute del ciclista.Dal 2011, nel nostro laboratorio di Ricerca e Sviluppo, conduciamo test avanzati per assicurarci [...]\t\t\t\t\t<\/p>\n\t\t\t\t\t                    \n\t\t\t\t\t\t\t\t\t\t\t<button href=\"https:\/\/www.tmfcyclingpad.com\/it\/il-nostro-centro-di-ricerca-e-sviluppo-dove-nascono-i-fondelli-tmf\/\" class=\"button primary is-gloss is-small mb-0\">\n\t\t\t\t\t\t\tLeggi tutto\t\t\t\t\t\t<\/button>\n\t\t\t\t\t\n\t\t\t\t\t\n\t\t\t\t\t<\/div>\n\t\t\t\t\t<\/div>\n\t\t\t\t\t\t\t\t\t\t\t\t\t\t\t\t<div class=\"badge absolute top post-date badge-outline\">\n\t\t\t\t\t\t\t<div class=\"badge-inner\">\n\t\t\t\t\t\t\t\t<span class=\"post-date-day\">20<\/span><br>\n\t\t\t\t\t\t\t\t<span class=\"post-date-month is-xsmall\">Nov<\/span>\n\t\t\t\t\t\t\t<\/div>\n\t\t\t\t\t\t<\/div>\n\t\t\t\t\t\t\t\t\t<\/div>\n\t\t\t\t<\/a>\n\t\t\t<\/div>\n\t\t<\/div><div class=\"col post-item\" >\n\t\t\t<div class=\"col-inner\">\n\t\t\t<a href=\"https:\/\/www.tmfcyclingpad.com\/it\/ciclismo-femminile-tmf-e-i-fondelli-che-fanno-la-differenza\/\" class=\"plain\">\n\t\t\t\t<div class=\"box box-normal box-text-bottom box-blog-post has-hover\">\n            \t\t\t\t\t<div class=\"box-image\" >\n  \t\t\t\t\t\t<div class=\"image-zoom image-cover\" style=\"padding-top:56.25%;\">\n  \t\t\t\t\t\t\t<img loading=\"lazy\" decoding=\"async\" width=\"1200\" height=\"628\" src=\"https:\/\/www.tmfcyclingpad.com\/wp-content\/uploads\/2024\/10\/tmf-cover-16.webp\" class=\"attachment-original size-original wp-post-image\" alt=\"\" srcset=\"https:\/\/www.tmfcyclingpad.com\/wp-content\/uploads\/2024\/10\/tmf-cover-16.webp 1200w, https:\/\/www.tmfcyclingpad.com\/wp-content\/uploads\/2024\/10\/tmf-cover-16-300x157.webp 300w, https:\/\/www.tmfcyclingpad.com\/wp-content\/uploads\/2024\/10\/tmf-cover-16-1024x536.webp 1024w, https:\/\/www.tmfcyclingpad.com\/wp-content\/uploads\/2024\/10\/tmf-cover-16-768x402.webp 768w\" sizes=\"auto, (max-width: 1200px) 100vw, 1200px\" \/>  \t\t\t\t\t\t\t  \t\t\t\t\t\t\t  \t\t\t\t\t\t<\/div>\n  \t\t\t\t\t\t  \t\t\t\t\t<\/div>\n          \t\t\t\t\t<div class=\"box-text text-center\" style=\"background-color:rgb(255, 255, 255);\">\n\t\t\t\t\t<div class=\"box-text-inner blog-post-inner\">\n\n\t\t\t\t\t\n\t\t\t\t\t\t\t\t\t\t\t<p class=\"cat-label  is-xxsmall op-7 uppercase\">\n\t\t\t\t\tNews \t\t\t\t\t<\/p>\n\t\t\t\t\t\t\t\t\t\t<h5 class=\"post-title is-large \">Ciclismo femminile: TMF e i fondelli che fanno la differenza<\/h5>\n\t\t\t\t\t\t\t\t\t\t<div class=\"is-divider\"><\/div>\n\t\t\t\t\t\t\t\t\t\t<p class=\"from_the_blog_excerpt \">Nel ciclismo, il comfort \u00e8 fondamentale per garantire prestazioni ottimali e ridurre il rischio di fastidi. TMF, azienda italiana leader da 40 anni nella produzione di fondelli per ciclismo, ha sviluppato una linea specifica per [...]\t\t\t\t\t<\/p>\n\t\t\t\t\t                    \n\t\t\t\t\t\t\t\t\t\t\t<button href=\"https:\/\/www.tmfcyclingpad.com\/it\/ciclismo-femminile-tmf-e-i-fondelli-che-fanno-la-differenza\/\" class=\"button primary is-gloss is-small mb-0\">\n\t\t\t\t\t\t\tLeggi tutto\t\t\t\t\t\t<\/button>\n\t\t\t\t\t\n\t\t\t\t\t\n\t\t\t\t\t<\/div>\n\t\t\t\t\t<\/div>\n\t\t\t\t\t\t\t\t\t\t\t\t\t\t\t\t<div class=\"badge absolute top post-date badge-outline\">\n\t\t\t\t\t\t\t<div class=\"badge-inner\">\n\t\t\t\t\t\t\t\t<span class=\"post-date-day\">06<\/span><br>\n\t\t\t\t\t\t\t\t<span class=\"post-date-month is-xsmall\">Nov<\/span>\n\t\t\t\t\t\t\t<\/div>\n\t\t\t\t\t\t<\/div>\n\t\t\t\t\t\t\t\t\t<\/div>\n\t\t\t\t<\/a>\n\t\t\t<\/div>\n\t\t<\/div><div class=\"col post-item\" >\n\t\t\t<div class=\"col-inner\">\n\t\t\t<a href=\"https:\/\/www.tmfcyclingpad.com\/it\/tmf-limpegno-per-la-qualita-e-la-sostenibilita-attraverso-le-certificazioni\/\" class=\"plain\">\n\t\t\t\t<div class=\"box box-normal box-text-bottom box-blog-post has-hover\">\n            \t\t\t\t\t<div class=\"box-image\" >\n  \t\t\t\t\t\t<div class=\"image-zoom image-cover\" style=\"padding-top:56.25%;\">\n  \t\t\t\t\t\t\t<img loading=\"lazy\" decoding=\"async\" width=\"2500\" height=\"1308\" src=\"https:\/\/www.tmfcyclingpad.com\/wp-content\/uploads\/2024\/10\/tmf-cover-13okk.jpg\" class=\"attachment-original size-original wp-post-image\" alt=\"\" srcset=\"https:\/\/www.tmfcyclingpad.com\/wp-content\/uploads\/2024\/10\/tmf-cover-13okk.jpg 2500w, https:\/\/www.tmfcyclingpad.com\/wp-content\/uploads\/2024\/10\/tmf-cover-13okk-300x157.jpg 300w, https:\/\/www.tmfcyclingpad.com\/wp-content\/uploads\/2024\/10\/tmf-cover-13okk-1024x536.jpg 1024w, https:\/\/www.tmfcyclingpad.com\/wp-content\/uploads\/2024\/10\/tmf-cover-13okk-768x402.jpg 768w, https:\/\/www.tmfcyclingpad.com\/wp-content\/uploads\/2024\/10\/tmf-cover-13okk-1536x804.jpg 1536w, https:\/\/www.tmfcyclingpad.com\/wp-content\/uploads\/2024\/10\/tmf-cover-13okk-2048x1072.jpg 2048w\" sizes=\"auto, (max-width: 2500px) 100vw, 2500px\" \/>  \t\t\t\t\t\t\t  \t\t\t\t\t\t\t  \t\t\t\t\t\t<\/div>\n  \t\t\t\t\t\t  \t\t\t\t\t<\/div>\n          \t\t\t\t\t<div class=\"box-text text-center\" style=\"background-color:rgb(255, 255, 255);\">\n\t\t\t\t\t<div class=\"box-text-inner blog-post-inner\">\n\n\t\t\t\t\t\n\t\t\t\t\t\t\t\t\t\t\t<p class=\"cat-label  is-xxsmall op-7 uppercase\">\n\t\t\t\t\tFilosofia TMF News \t\t\t\t\t<\/p>\n\t\t\t\t\t\t\t\t\t\t<h5 class=\"post-title is-large \">TMF: l&#8217;impegno per la qualit\u00e0 e la sostenibilit\u00e0 attraverso le certificazioni<\/h5>\n\t\t\t\t\t\t\t\t\t\t<div class=\"is-divider\"><\/div>\n\t\t\t\t\t\t\t\t\t\t<p class=\"from_the_blog_excerpt \">Nel settore dei fondelli per ciclismo, l&#8217;eccellenza dei materiali e dei processi produttivi \u00e8 fondamentale per garantire comfort e prestazioni. TMF, azienda leader nella progettazione e produzione di fondelli di alta qualit\u00e0, ha integrato la [...]\t\t\t\t\t<\/p>\n\t\t\t\t\t                    \n\t\t\t\t\t\t\t\t\t\t\t<button href=\"https:\/\/www.tmfcyclingpad.com\/it\/tmf-limpegno-per-la-qualita-e-la-sostenibilita-attraverso-le-certificazioni\/\" class=\"button primary is-gloss is-small mb-0\">\n\t\t\t\t\t\t\tLeggi tutto\t\t\t\t\t\t<\/button>\n\t\t\t\t\t\n\t\t\t\t\t\n\t\t\t\t\t<\/div>\n\t\t\t\t\t<\/div>\n\t\t\t\t\t\t\t\t\t\t\t\t\t\t\t\t<div class=\"badge absolute top post-date badge-outline\">\n\t\t\t\t\t\t\t<div class=\"badge-inner\">\n\t\t\t\t\t\t\t\t<span class=\"post-date-day\">23<\/span><br>\n\t\t\t\t\t\t\t\t<span class=\"post-date-month is-xsmall\">Ott<\/span>\n\t\t\t\t\t\t\t<\/div>\n\t\t\t\t\t\t<\/div>\n\t\t\t\t\t\t\t\t\t<\/div>\n\t\t\t\t<\/a>\n\t\t\t<\/div>\n\t\t<\/div><div class=\"col post-item\" >\n\t\t\t<div class=\"col-inner\">\n\t\t\t<a href=\"https:\/\/www.tmfcyclingpad.com\/it\/tmf-presente-a-monaco-alla-fiera-di-performance-days-functional-fabric\/\" class=\"plain\">\n\t\t\t\t<div class=\"box box-normal box-text-bottom box-blog-post has-hover\">\n            \t\t\t\t\t<div class=\"box-image\" >\n  \t\t\t\t\t\t<div class=\"image-zoom image-cover\" style=\"padding-top:56.25%;\">\n  \t\t\t\t\t\t\t<img loading=\"lazy\" decoding=\"async\" width=\"2500\" height=\"1308\" src=\"https:\/\/www.tmfcyclingpad.com\/wp-content\/uploads\/2024\/09\/tmf-cover-11ok.webp\" class=\"attachment-original size-original wp-post-image\" alt=\"\" srcset=\"https:\/\/www.tmfcyclingpad.com\/wp-content\/uploads\/2024\/09\/tmf-cover-11ok.webp 2500w, https:\/\/www.tmfcyclingpad.com\/wp-content\/uploads\/2024\/09\/tmf-cover-11ok-300x157.webp 300w, https:\/\/www.tmfcyclingpad.com\/wp-content\/uploads\/2024\/09\/tmf-cover-11ok-1024x536.webp 1024w, https:\/\/www.tmfcyclingpad.com\/wp-content\/uploads\/2024\/09\/tmf-cover-11ok-768x402.webp 768w, https:\/\/www.tmfcyclingpad.com\/wp-content\/uploads\/2024\/09\/tmf-cover-11ok-1536x804.webp 1536w, https:\/\/www.tmfcyclingpad.com\/wp-content\/uploads\/2024\/09\/tmf-cover-11ok-2048x1072.webp 2048w\" sizes=\"auto, (max-width: 2500px) 100vw, 2500px\" \/>  \t\t\t\t\t\t\t  \t\t\t\t\t\t\t  \t\t\t\t\t\t<\/div>\n  \t\t\t\t\t\t  \t\t\t\t\t<\/div>\n          \t\t\t\t\t<div class=\"box-text text-center\" style=\"background-color:rgb(255, 255, 255);\">\n\t\t\t\t\t<div class=\"box-text-inner blog-post-inner\">\n\n\t\t\t\t\t\n\t\t\t\t\t\t\t\t\t\t\t<p class=\"cat-label  is-xxsmall op-7 uppercase\">\n\t\t\t\t\tFiere News \t\t\t\t\t<\/p>\n\t\t\t\t\t\t\t\t\t\t<h5 class=\"post-title is-large \">TMF presente a Monaco alla Fiera di Performance Days \/ Functional Fabric<\/h5>\n\t\t\t\t\t\t\t\t\t\t<div class=\"is-divider\"><\/div>\n\t\t\t\t\t\t\t\t\t\t<p class=\"from_the_blog_excerpt \">TMF, leader nella ricerca, sviluppo e produzione di fondelli per ciclismo altamente performanti, \u00e8 lieta di annunciare la sua partecipazione alla Fiera di PERFORMANCE DAYS\/ Functional Fabric, che si terr\u00e0 il 23 e 24 ottobre [...]\t\t\t\t\t<\/p>\n\t\t\t\t\t                    \n\t\t\t\t\t\t\t\t\t\t\t<button href=\"https:\/\/www.tmfcyclingpad.com\/it\/tmf-presente-a-monaco-alla-fiera-di-performance-days-functional-fabric\/\" class=\"button primary is-gloss is-small mb-0\">\n\t\t\t\t\t\t\tLeggi tutto\t\t\t\t\t\t<\/button>\n\t\t\t\t\t\n\t\t\t\t\t\n\t\t\t\t\t<\/div>\n\t\t\t\t\t<\/div>\n\t\t\t\t\t\t\t\t\t\t\t\t\t\t\t\t<div class=\"badge absolute top post-date badge-outline\">\n\t\t\t\t\t\t\t<div class=\"badge-inner\">\n\t\t\t\t\t\t\t\t<span class=\"post-date-day\">09<\/span><br>\n\t\t\t\t\t\t\t\t<span class=\"post-date-month is-xsmall\">Ott<\/span>\n\t\t\t\t\t\t\t<\/div>\n\t\t\t\t\t\t<\/div>\n\t\t\t\t\t\t\t\t\t<\/div>\n\t\t\t\t<\/a>\n\t\t\t<\/div>\n\t\t<\/div><div class=\"col post-item\" >\n\t\t\t<div class=\"col-inner\">\n\t\t\t<a href=\"https:\/\/www.tmfcyclingpad.com\/it\/le-innovazioni-tmf-che-hanno-rivoluzionato-il-ciclismo-michele-racconta\/\" class=\"plain\">\n\t\t\t\t<div class=\"box box-normal box-text-bottom box-blog-post has-hover\">\n            \t\t\t\t\t<div class=\"box-image\" >\n  \t\t\t\t\t\t<div class=\"image-zoom image-cover\" style=\"padding-top:56.25%;\">\n  \t\t\t\t\t\t\t<img loading=\"lazy\" decoding=\"async\" width=\"2500\" height=\"1308\" src=\"https:\/\/www.tmfcyclingpad.com\/wp-content\/uploads\/2024\/09\/tmf-cover-2-def.webp\" class=\"attachment-original size-original wp-post-image\" alt=\"\" srcset=\"https:\/\/www.tmfcyclingpad.com\/wp-content\/uploads\/2024\/09\/tmf-cover-2-def.webp 2500w, https:\/\/www.tmfcyclingpad.com\/wp-content\/uploads\/2024\/09\/tmf-cover-2-def-300x157.webp 300w, https:\/\/www.tmfcyclingpad.com\/wp-content\/uploads\/2024\/09\/tmf-cover-2-def-1024x536.webp 1024w, https:\/\/www.tmfcyclingpad.com\/wp-content\/uploads\/2024\/09\/tmf-cover-2-def-768x402.webp 768w, https:\/\/www.tmfcyclingpad.com\/wp-content\/uploads\/2024\/09\/tmf-cover-2-def-1536x804.webp 1536w, https:\/\/www.tmfcyclingpad.com\/wp-content\/uploads\/2024\/09\/tmf-cover-2-def-2048x1072.webp 2048w\" sizes=\"auto, (max-width: 2500px) 100vw, 2500px\" \/>  \t\t\t\t\t\t\t  \t\t\t\t\t\t\t  \t\t\t\t\t\t<\/div>\n  \t\t\t\t\t\t  \t\t\t\t\t<\/div>\n          \t\t\t\t\t<div class=\"box-text text-center\" style=\"background-color:rgb(255, 255, 255);\">\n\t\t\t\t\t<div class=\"box-text-inner blog-post-inner\">\n\n\t\t\t\t\t\n\t\t\t\t\t\t\t\t\t\t\t<p class=\"cat-label  is-xxsmall op-7 uppercase\">\n\t\t\t\t\tFilosofia TMF \t\t\t\t\t<\/p>\n\t\t\t\t\t\t\t\t\t\t<h5 class=\"post-title is-large \">Le innovazioni TMF che hanno rivoluzionato il ciclismo: Michele racconta<\/h5>\n\t\t\t\t\t\t\t\t\t\t<div class=\"is-divider\"><\/div>\n\t\t\t\t\t\t\t\t\t\t<p class=\"from_the_blog_excerpt \">In un mondo altamente competitivo dove ogni particolare pu\u00f2 influenzare il risultato finale, TMF ha costantemente superato i limiti dell&#8217;innovazione nel design dei fondelli per ciclismo. Oggi abbiamo il piacere di parlare con Michele Frezza, [...]\t\t\t\t\t<\/p>\n\t\t\t\t\t                    \n\t\t\t\t\t\t\t\t\t\t\t<button href=\"https:\/\/www.tmfcyclingpad.com\/it\/le-innovazioni-tmf-che-hanno-rivoluzionato-il-ciclismo-michele-racconta\/\" class=\"button primary is-gloss is-small mb-0\">\n\t\t\t\t\t\t\tLeggi tutto\t\t\t\t\t\t<\/button>\n\t\t\t\t\t\n\t\t\t\t\t\n\t\t\t\t\t<\/div>\n\t\t\t\t\t<\/div>\n\t\t\t\t\t\t\t\t\t\t\t\t\t\t\t\t<div class=\"badge absolute top post-date badge-outline\">\n\t\t\t\t\t\t\t<div class=\"badge-inner\">\n\t\t\t\t\t\t\t\t<span class=\"post-date-day\">25<\/span><br>\n\t\t\t\t\t\t\t\t<span class=\"post-date-month is-xsmall\">Set<\/span>\n\t\t\t\t\t\t\t<\/div>\n\t\t\t\t\t\t<\/div>\n\t\t\t\t\t\t\t\t\t<\/div>\n\t\t\t\t<\/a>\n\t\t\t<\/div>\n\t\t<\/div><div class=\"col post-item\" >\n\t\t\t<div class=\"col-inner\">\n\t\t\t<a href=\"https:\/\/www.tmfcyclingpad.com\/it\/fondello-prius-comfort-sostenibile-per-lunghe-distanze\/\" class=\"plain\">\n\t\t\t\t<div class=\"box box-normal box-text-bottom box-blog-post has-hover\">\n            \t\t\t\t\t<div class=\"box-image\" >\n  \t\t\t\t\t\t<div class=\"image-zoom image-cover\" style=\"padding-top:56.25%;\">\n  \t\t\t\t\t\t\t<img loading=\"lazy\" decoding=\"async\" width=\"2500\" height=\"1308\" src=\"https:\/\/www.tmfcyclingpad.com\/wp-content\/uploads\/2024\/08\/tmf-cover-3OK.webp\" class=\"attachment-original size-original wp-post-image\" alt=\"\" srcset=\"https:\/\/www.tmfcyclingpad.com\/wp-content\/uploads\/2024\/08\/tmf-cover-3OK.webp 2500w, https:\/\/www.tmfcyclingpad.com\/wp-content\/uploads\/2024\/08\/tmf-cover-3OK-300x157.webp 300w, https:\/\/www.tmfcyclingpad.com\/wp-content\/uploads\/2024\/08\/tmf-cover-3OK-1024x536.webp 1024w, https:\/\/www.tmfcyclingpad.com\/wp-content\/uploads\/2024\/08\/tmf-cover-3OK-768x402.webp 768w, https:\/\/www.tmfcyclingpad.com\/wp-content\/uploads\/2024\/08\/tmf-cover-3OK-1536x804.webp 1536w, https:\/\/www.tmfcyclingpad.com\/wp-content\/uploads\/2024\/08\/tmf-cover-3OK-2048x1072.webp 2048w\" sizes=\"auto, (max-width: 2500px) 100vw, 2500px\" \/>  \t\t\t\t\t\t\t  \t\t\t\t\t\t\t  \t\t\t\t\t\t<\/div>\n  \t\t\t\t\t\t  \t\t\t\t\t<\/div>\n          \t\t\t\t\t<div class=\"box-text text-center\" style=\"background-color:rgb(255, 255, 255);\">\n\t\t\t\t\t<div class=\"box-text-inner blog-post-inner\">\n\n\t\t\t\t\t\n\t\t\t\t\t\t\t\t\t\t\t<p class=\"cat-label  is-xxsmall op-7 uppercase\">\n\t\t\t\t\tNews Prodotti \t\t\t\t\t<\/p>\n\t\t\t\t\t\t\t\t\t\t<h5 class=\"post-title is-large \">Fondello PRIUS: Comfort Sostenibile per Lunghe Distanze<\/h5>\n\t\t\t\t\t\t\t\t\t\t<div class=\"is-divider\"><\/div>\n\t\t\t\t\t\t\t\t\t\t<p class=\"from_the_blog_excerpt \">Innovazione nei materiali Il fondello PRIUS \u00e8 realizzato per il 60% con materiali naturali e per il 30% con materiali riciclati, riflettendo il nostro impegno verso un futuro pi\u00f9 verde senza compromettere la qualit\u00e0 e [...]\t\t\t\t\t<\/p>\n\t\t\t\t\t                    \n\t\t\t\t\t\t\t\t\t\t\t<button href=\"https:\/\/www.tmfcyclingpad.com\/it\/fondello-prius-comfort-sostenibile-per-lunghe-distanze\/\" class=\"button primary is-gloss is-small mb-0\">\n\t\t\t\t\t\t\tLeggi tutto\t\t\t\t\t\t<\/button>\n\t\t\t\t\t\n\t\t\t\t\t\n\t\t\t\t\t<\/div>\n\t\t\t\t\t<\/div>\n\t\t\t\t\t\t\t\t\t\t\t\t\t\t\t\t<div class=\"badge absolute top post-date badge-outline\">\n\t\t\t\t\t\t\t<div class=\"badge-inner\">\n\t\t\t\t\t\t\t\t<span class=\"post-date-day\">12<\/span><br>\n\t\t\t\t\t\t\t\t<span class=\"post-date-month is-xsmall\">Set<\/span>\n\t\t\t\t\t\t\t<\/div>\n\t\t\t\t\t\t<\/div>\n\t\t\t\t\t\t\t\t\t<\/div>\n\t\t\t\t<\/a>\n\t\t\t<\/div>\n\t\t<\/div><div class=\"col post-item\" >\n\t\t\t<div class=\"col-inner\">\n\t\t\t<a href=\"https:\/\/www.tmfcyclingpad.com\/it\/tmf-fondelli-per-il-ciclismo-tra-tradizione-e-innovazione\/\" class=\"plain\">\n\t\t\t\t<div class=\"box box-normal box-text-bottom box-blog-post has-hover\">\n            \t\t\t\t\t<div class=\"box-image\" >\n  \t\t\t\t\t\t<div class=\"image-zoom image-cover\" style=\"padding-top:56.25%;\">\n  \t\t\t\t\t\t\t<img loading=\"lazy\" decoding=\"async\" width=\"2500\" height=\"1308\" src=\"https:\/\/www.tmfcyclingpad.com\/wp-content\/uploads\/2024\/08\/tmf-cover-9ok-1.webp\" class=\"attachment-original size-original wp-post-image\" alt=\"\" srcset=\"https:\/\/www.tmfcyclingpad.com\/wp-content\/uploads\/2024\/08\/tmf-cover-9ok-1.webp 2500w, https:\/\/www.tmfcyclingpad.com\/wp-content\/uploads\/2024\/08\/tmf-cover-9ok-1-300x157.webp 300w, https:\/\/www.tmfcyclingpad.com\/wp-content\/uploads\/2024\/08\/tmf-cover-9ok-1-1024x536.webp 1024w, https:\/\/www.tmfcyclingpad.com\/wp-content\/uploads\/2024\/08\/tmf-cover-9ok-1-768x402.webp 768w, https:\/\/www.tmfcyclingpad.com\/wp-content\/uploads\/2024\/08\/tmf-cover-9ok-1-1536x804.webp 1536w, https:\/\/www.tmfcyclingpad.com\/wp-content\/uploads\/2024\/08\/tmf-cover-9ok-1-2048x1072.webp 2048w\" sizes=\"auto, (max-width: 2500px) 100vw, 2500px\" \/>  \t\t\t\t\t\t\t  \t\t\t\t\t\t\t  \t\t\t\t\t\t<\/div>\n  \t\t\t\t\t\t  \t\t\t\t\t<\/div>\n          \t\t\t\t\t<div class=\"box-text text-center\" style=\"background-color:rgb(255, 255, 255);\">\n\t\t\t\t\t<div class=\"box-text-inner blog-post-inner\">\n\n\t\t\t\t\t\n\t\t\t\t\t\t\t\t\t\t\t<p class=\"cat-label  is-xxsmall op-7 uppercase\">\n\t\t\t\t\tFilosofia TMF News \t\t\t\t\t<\/p>\n\t\t\t\t\t\t\t\t\t\t<h5 class=\"post-title is-large \">TMF: fondelli per il ciclismo tra tradizione e Innovazione<\/h5>\n\t\t\t\t\t\t\t\t\t\t<div class=\"is-divider\"><\/div>\n\t\t\t\t\t\t\t\t\t\t<p class=\"from_the_blog_excerpt \">Nel mondo del ciclismo, dove tecnologia e tradizione si intrecciano strettamente, TMF si distingue per l&#8217;armonizzazione di questi due mondi apparentemente opposti. Con un impegno radicato nella maestria artigianale e uno sguardo sempre rivolto all&#8217;innovazione, [...]\t\t\t\t\t<\/p>\n\t\t\t\t\t                    \n\t\t\t\t\t\t\t\t\t\t\t<button href=\"https:\/\/www.tmfcyclingpad.com\/it\/tmf-fondelli-per-il-ciclismo-tra-tradizione-e-innovazione\/\" class=\"button primary is-gloss is-small mb-0\">\n\t\t\t\t\t\t\tLeggi tutto\t\t\t\t\t\t<\/button>\n\t\t\t\t\t\n\t\t\t\t\t\n\t\t\t\t\t<\/div>\n\t\t\t\t\t<\/div>\n\t\t\t\t\t\t\t\t\t\t\t\t\t\t\t\t<div class=\"badge absolute top post-date badge-outline\">\n\t\t\t\t\t\t\t<div class=\"badge-inner\">\n\t\t\t\t\t\t\t\t<span class=\"post-date-day\">28<\/span><br>\n\t\t\t\t\t\t\t\t<span class=\"post-date-month is-xsmall\">Ago<\/span>\n\t\t\t\t\t\t\t<\/div>\n\t\t\t\t\t\t<\/div>\n\t\t\t\t\t\t\t\t\t<\/div>\n\t\t\t\t<\/a>\n\t\t\t<\/div>\n\t\t<\/div><div class=\"col post-item\" >\n\t\t\t<div class=\"col-inner\">\n\t\t\t<a href=\"https:\/\/www.tmfcyclingpad.com\/it\/prestazioni-e-qualita-limpegno-di-tmf-per-un-fondello-di-eccellenza\/\" class=\"plain\">\n\t\t\t\t<div class=\"box box-normal box-text-bottom box-blog-post has-hover\">\n            \t\t\t\t\t<div class=\"box-image\" >\n  \t\t\t\t\t\t<div class=\"image-zoom image-cover\" style=\"padding-top:56.25%;\">\n  \t\t\t\t\t\t\t<img loading=\"lazy\" decoding=\"async\" width=\"2500\" height=\"1308\" src=\"https:\/\/www.tmfcyclingpad.com\/wp-content\/uploads\/2024\/07\/tmf-cover-1.webp\" class=\"attachment-original size-original wp-post-image\" alt=\"\" srcset=\"https:\/\/www.tmfcyclingpad.com\/wp-content\/uploads\/2024\/07\/tmf-cover-1.webp 2500w, https:\/\/www.tmfcyclingpad.com\/wp-content\/uploads\/2024\/07\/tmf-cover-1-300x157.webp 300w, https:\/\/www.tmfcyclingpad.com\/wp-content\/uploads\/2024\/07\/tmf-cover-1-1024x536.webp 1024w, https:\/\/www.tmfcyclingpad.com\/wp-content\/uploads\/2024\/07\/tmf-cover-1-768x402.webp 768w, https:\/\/www.tmfcyclingpad.com\/wp-content\/uploads\/2024\/07\/tmf-cover-1-1536x804.webp 1536w, https:\/\/www.tmfcyclingpad.com\/wp-content\/uploads\/2024\/07\/tmf-cover-1-2048x1072.webp 2048w\" sizes=\"auto, (max-width: 2500px) 100vw, 2500px\" \/>  \t\t\t\t\t\t\t  \t\t\t\t\t\t\t  \t\t\t\t\t\t<\/div>\n  \t\t\t\t\t\t  \t\t\t\t\t<\/div>\n          \t\t\t\t\t<div class=\"box-text text-center\" style=\"background-color:rgb(255, 255, 255);\">\n\t\t\t\t\t<div class=\"box-text-inner blog-post-inner\">\n\n\t\t\t\t\t\n\t\t\t\t\t\t\t\t\t\t\t<p class=\"cat-label  is-xxsmall op-7 uppercase\">\n\t\t\t\t\tFilosofia TMF News \t\t\t\t\t<\/p>\n\t\t\t\t\t\t\t\t\t\t<h5 class=\"post-title is-large \">Prestazioni e Qualit\u00e0: l\u2019impegno di TMF per un fondello di eccellenza<\/h5>\n\t\t\t\t\t\t\t\t\t\t<div class=\"is-divider\"><\/div>\n\t\t\t\t\t\t\t\t\t\t<p class=\"from_the_blog_excerpt \">I clienti di TMF sanno bene quanto la nostra mission non si limiti alla semplice produzione di fondelli per ciclismo: il nostro \u00e8 un impegno continuo verso l&#8217;eccellenza, ben oltre il semplice prodotto finito. Il [...]\t\t\t\t\t<\/p>\n\t\t\t\t\t                    \n\t\t\t\t\t\t\t\t\t\t\t<button href=\"https:\/\/www.tmfcyclingpad.com\/it\/prestazioni-e-qualita-limpegno-di-tmf-per-un-fondello-di-eccellenza\/\" class=\"button primary is-gloss is-small mb-0\">\n\t\t\t\t\t\t\tLeggi tutto\t\t\t\t\t\t<\/button>\n\t\t\t\t\t\n\t\t\t\t\t\n\t\t\t\t\t<\/div>\n\t\t\t\t\t<\/div>\n\t\t\t\t\t\t\t\t\t\t\t\t\t\t\t\t<div class=\"badge absolute top post-date badge-outline\">\n\t\t\t\t\t\t\t<div class=\"badge-inner\">\n\t\t\t\t\t\t\t\t<span class=\"post-date-day\">07<\/span><br>\n\t\t\t\t\t\t\t\t<span class=\"post-date-month is-xsmall\">Ago<\/span>\n\t\t\t\t\t\t\t<\/div>\n\t\t\t\t\t\t<\/div>\n\t\t\t\t\t\t\t\t\t<\/div>\n\t\t\t\t<\/a>\n\t\t\t<\/div>\n\t\t<\/div><div class=\"col post-item\" >\n\t\t\t<div class=\"col-inner\">\n\t\t\t<a href=\"https:\/\/www.tmfcyclingpad.com\/it\/una-promessa-di-qualita-il-viaggio-di-un-fondello-tmf-dalla-progettazione-alla-strada\/\" class=\"plain\">\n\t\t\t\t<div class=\"box box-normal box-text-bottom box-blog-post has-hover\">\n            \t\t\t\t\t<div class=\"box-image\" >\n  \t\t\t\t\t\t<div class=\"image-zoom image-cover\" style=\"padding-top:56.25%;\">\n  \t\t\t\t\t\t\t<img loading=\"lazy\" decoding=\"async\" width=\"2500\" height=\"1308\" src=\"https:\/\/www.tmfcyclingpad.com\/wp-content\/uploads\/2024\/07\/tmf-cover-8-1.webp\" class=\"attachment-original size-original wp-post-image\" alt=\"\" srcset=\"https:\/\/www.tmfcyclingpad.com\/wp-content\/uploads\/2024\/07\/tmf-cover-8-1.webp 2500w, https:\/\/www.tmfcyclingpad.com\/wp-content\/uploads\/2024\/07\/tmf-cover-8-1-300x157.webp 300w, https:\/\/www.tmfcyclingpad.com\/wp-content\/uploads\/2024\/07\/tmf-cover-8-1-1024x536.webp 1024w, https:\/\/www.tmfcyclingpad.com\/wp-content\/uploads\/2024\/07\/tmf-cover-8-1-768x402.webp 768w, https:\/\/www.tmfcyclingpad.com\/wp-content\/uploads\/2024\/07\/tmf-cover-8-1-1536x804.webp 1536w, https:\/\/www.tmfcyclingpad.com\/wp-content\/uploads\/2024\/07\/tmf-cover-8-1-2048x1072.webp 2048w\" sizes=\"auto, (max-width: 2500px) 100vw, 2500px\" \/>  \t\t\t\t\t\t\t  \t\t\t\t\t\t\t  \t\t\t\t\t\t<\/div>\n  \t\t\t\t\t\t  \t\t\t\t\t<\/div>\n          \t\t\t\t\t<div class=\"box-text text-center\" style=\"background-color:rgb(255, 255, 255);\">\n\t\t\t\t\t<div class=\"box-text-inner blog-post-inner\">\n\n\t\t\t\t\t\n\t\t\t\t\t\t\t\t\t\t\t<p class=\"cat-label  is-xxsmall op-7 uppercase\">\n\t\t\t\t\tFilosofia TMF News \t\t\t\t\t<\/p>\n\t\t\t\t\t\t\t\t\t\t<h5 class=\"post-title is-large \">Una promessa di qualit\u00e0: il viaggio di un fondello TMF dalla progettazione alla strada<\/h5>\n\t\t\t\t\t\t\t\t\t\t<div class=\"is-divider\"><\/div>\n\t\t\t\t\t\t\t\t\t\t<p class=\"from_the_blog_excerpt \">Il processo di creazione di un fondello di vera qualit\u00e0 e di ottime prestazioni inizia con l&#8217;ascolto attivo delle esigenze e dei feedback dei clienti. Questo \u00e8 l\u2019approccio ideale per assicurarsi che ogni prodotto sia [...]\t\t\t\t\t<\/p>\n\t\t\t\t\t                    \n\t\t\t\t\t\t\t\t\t\t\t<button href=\"https:\/\/www.tmfcyclingpad.com\/it\/una-promessa-di-qualita-il-viaggio-di-un-fondello-tmf-dalla-progettazione-alla-strada\/\" class=\"button primary is-gloss is-small mb-0\">\n\t\t\t\t\t\t\tLeggi tutto\t\t\t\t\t\t<\/button>\n\t\t\t\t\t\n\t\t\t\t\t\n\t\t\t\t\t<\/div>\n\t\t\t\t\t<\/div>\n\t\t\t\t\t\t\t\t\t\t\t\t\t\t\t\t<div class=\"badge absolute top post-date badge-outline\">\n\t\t\t\t\t\t\t<div class=\"badge-inner\">\n\t\t\t\t\t\t\t\t<span class=\"post-date-day\">24<\/span><br>\n\t\t\t\t\t\t\t\t<span class=\"post-date-month is-xsmall\">Lug<\/span>\n\t\t\t\t\t\t\t<\/div>\n\t\t\t\t\t\t<\/div>\n\t\t\t\t\t\t\t\t\t<\/div>\n\t\t\t\t<\/a>\n\t\t\t<\/div>\n\t\t<\/div><div class=\"col post-item\" >\n\t\t\t<div class=\"col-inner\">\n\t\t\t<a href=\"https:\/\/www.tmfcyclingpad.com\/it\/ascolto-e-innovazione-la-ricetta-di-tmf-per-la-soddisfazione-del-cliente\/\" class=\"plain\">\n\t\t\t\t<div class=\"box box-normal box-text-bottom box-blog-post has-hover\">\n            \t\t\t\t\t<div class=\"box-image\" >\n  \t\t\t\t\t\t<div class=\"image-zoom image-cover\" style=\"padding-top:56.25%;\">\n  \t\t\t\t\t\t\t<img loading=\"lazy\" decoding=\"async\" width=\"2500\" height=\"1308\" src=\"https:\/\/www.tmfcyclingpad.com\/wp-content\/uploads\/2024\/07\/tmf-cover-7.webp\" class=\"attachment-original size-original wp-post-image\" alt=\"\" srcset=\"https:\/\/www.tmfcyclingpad.com\/wp-content\/uploads\/2024\/07\/tmf-cover-7.webp 2500w, https:\/\/www.tmfcyclingpad.com\/wp-content\/uploads\/2024\/07\/tmf-cover-7-300x157.webp 300w, https:\/\/www.tmfcyclingpad.com\/wp-content\/uploads\/2024\/07\/tmf-cover-7-1024x536.webp 1024w, https:\/\/www.tmfcyclingpad.com\/wp-content\/uploads\/2024\/07\/tmf-cover-7-768x402.webp 768w, https:\/\/www.tmfcyclingpad.com\/wp-content\/uploads\/2024\/07\/tmf-cover-7-1536x804.webp 1536w, https:\/\/www.tmfcyclingpad.com\/wp-content\/uploads\/2024\/07\/tmf-cover-7-2048x1072.webp 2048w\" sizes=\"auto, (max-width: 2500px) 100vw, 2500px\" \/>  \t\t\t\t\t\t\t  \t\t\t\t\t\t\t  \t\t\t\t\t\t<\/div>\n  \t\t\t\t\t\t  \t\t\t\t\t<\/div>\n          \t\t\t\t\t<div class=\"box-text text-center\" style=\"background-color:rgb(255, 255, 255);\">\n\t\t\t\t\t<div class=\"box-text-inner blog-post-inner\">\n\n\t\t\t\t\t\n\t\t\t\t\t\t\t\t\t\t\t<p class=\"cat-label  is-xxsmall op-7 uppercase\">\n\t\t\t\t\tFilosofia TMF News \t\t\t\t\t<\/p>\n\t\t\t\t\t\t\t\t\t\t<h5 class=\"post-title is-large \">Ascolto e innovazione: la ricetta di TMF per la soddisfazione del cliente<\/h5>\n\t\t\t\t\t\t\t\t\t\t<div class=\"is-divider\"><\/div>\n\t\t\t\t\t\t\t\t\t\t<p class=\"from_the_blog_excerpt \">Fondamenti di successo: ascolto e innovazione In un settore competitivo come quello del ciclismo, dove il comfort e la performance sono essenziali, \u00e8 fondamentale sviluppare soluzioni che rispondano in modo efficace e specifico alle esigenze [...]\t\t\t\t\t<\/p>\n\t\t\t\t\t                    \n\t\t\t\t\t\t\t\t\t\t\t<button href=\"https:\/\/www.tmfcyclingpad.com\/it\/ascolto-e-innovazione-la-ricetta-di-tmf-per-la-soddisfazione-del-cliente\/\" class=\"button primary is-gloss is-small mb-0\">\n\t\t\t\t\t\t\tLeggi tutto\t\t\t\t\t\t<\/button>\n\t\t\t\t\t\n\t\t\t\t\t\n\t\t\t\t\t<\/div>\n\t\t\t\t\t<\/div>\n\t\t\t\t\t\t\t\t\t\t\t\t\t\t\t\t<div class=\"badge absolute top post-date badge-outline\">\n\t\t\t\t\t\t\t<div class=\"badge-inner\">\n\t\t\t\t\t\t\t\t<span class=\"post-date-day\">17<\/span><br>\n\t\t\t\t\t\t\t\t<span class=\"post-date-month is-xsmall\">Lug<\/span>\n\t\t\t\t\t\t\t<\/div>\n\t\t\t\t\t\t<\/div>\n\t\t\t\t\t\t\t\t\t<\/div>\n\t\t\t\t<\/a>\n\t\t\t<\/div>\n\t\t<\/div><div class=\"col post-item\" >\n\t\t\t<div class=\"col-inner\">\n\t\t\t<a href=\"https:\/\/www.tmfcyclingpad.com\/it\/eurobike-2024-diventa-globale-tmf-ti-aspetta-a-francoforte\/\" class=\"plain\">\n\t\t\t\t<div class=\"box box-normal box-text-bottom box-blog-post has-hover\">\n            \t\t\t\t\t<div class=\"box-image\" >\n  \t\t\t\t\t\t<div class=\"image-zoom image-cover\" style=\"padding-top:56.25%;\">\n  \t\t\t\t\t\t\t<img loading=\"lazy\" decoding=\"async\" width=\"2500\" height=\"1308\" src=\"https:\/\/www.tmfcyclingpad.com\/wp-content\/uploads\/2024\/06\/tmf-cover-5.webp\" class=\"attachment-original size-original wp-post-image\" alt=\"\" srcset=\"https:\/\/www.tmfcyclingpad.com\/wp-content\/uploads\/2024\/06\/tmf-cover-5.webp 2500w, https:\/\/www.tmfcyclingpad.com\/wp-content\/uploads\/2024\/06\/tmf-cover-5-300x157.webp 300w, https:\/\/www.tmfcyclingpad.com\/wp-content\/uploads\/2024\/06\/tmf-cover-5-1024x536.webp 1024w, https:\/\/www.tmfcyclingpad.com\/wp-content\/uploads\/2024\/06\/tmf-cover-5-768x402.webp 768w, https:\/\/www.tmfcyclingpad.com\/wp-content\/uploads\/2024\/06\/tmf-cover-5-1536x804.webp 1536w, https:\/\/www.tmfcyclingpad.com\/wp-content\/uploads\/2024\/06\/tmf-cover-5-2048x1072.webp 2048w\" sizes=\"auto, (max-width: 2500px) 100vw, 2500px\" \/>  \t\t\t\t\t\t\t  \t\t\t\t\t\t\t  \t\t\t\t\t\t<\/div>\n  \t\t\t\t\t\t  \t\t\t\t\t<\/div>\n          \t\t\t\t\t<div class=\"box-text text-center\" style=\"background-color:rgb(255, 255, 255);\">\n\t\t\t\t\t<div class=\"box-text-inner blog-post-inner\">\n\n\t\t\t\t\t\n\t\t\t\t\t\t\t\t\t\t\t<p class=\"cat-label  is-xxsmall op-7 uppercase\">\n\t\t\t\t\tFiere \t\t\t\t\t<\/p>\n\t\t\t\t\t\t\t\t\t\t<h5 class=\"post-title is-large \">Eurobike 2024 diventa globale: TMF ti aspetta a Francoforte<\/h5>\n\t\t\t\t\t\t\t\t\t\t<div class=\"is-divider\"><\/div>\n\t\t\t\t\t\t\t\t\t\t<p class=\"from_the_blog_excerpt \">Eurobike si \u00e8 affermato come uno degli eventi pi\u00f9 importanti nel mondo del ciclismo, attirando appassionati, professionisti e innovatori da tutto il mondo. Quest\u2019anno si espande a livello globale: nel 2024, Eurobike ha infatti aggiunto [...]\t\t\t\t\t<\/p>\n\t\t\t\t\t                    \n\t\t\t\t\t\t\t\t\t\t\t<button href=\"https:\/\/www.tmfcyclingpad.com\/it\/eurobike-2024-diventa-globale-tmf-ti-aspetta-a-francoforte\/\" class=\"button primary is-gloss is-small mb-0\">\n\t\t\t\t\t\t\tLeggi tutto\t\t\t\t\t\t<\/button>\n\t\t\t\t\t\n\t\t\t\t\t\n\t\t\t\t\t<\/div>\n\t\t\t\t\t<\/div>\n\t\t\t\t\t\t\t\t\t\t\t\t\t\t\t\t<div class=\"badge absolute top post-date badge-outline\">\n\t\t\t\t\t\t\t<div class=\"badge-inner\">\n\t\t\t\t\t\t\t\t<span class=\"post-date-day\">28<\/span><br>\n\t\t\t\t\t\t\t\t<span class=\"post-date-month is-xsmall\">Giu<\/span>\n\t\t\t\t\t\t\t<\/div>\n\t\t\t\t\t\t<\/div>\n\t\t\t\t\t\t\t\t\t<\/div>\n\t\t\t\t<\/a>\n\t\t\t<\/div>\n\t\t<\/div><div class=\"col post-item\" >\n\t\t\t<div class=\"col-inner\">\n\t\t\t<a href=\"https:\/\/www.tmfcyclingpad.com\/it\/tmf-alla-fiera-eurobike-di-francoforte-2024-scopri-il-nuovo-fondello-proflex-tecnologia-avanzata-per-la-massima-traspirabilita\/\" class=\"plain\">\n\t\t\t\t<div class=\"box box-normal box-text-bottom box-blog-post has-hover\">\n            \t\t\t\t\t<div class=\"box-image\" >\n  \t\t\t\t\t\t<div class=\"image-zoom image-cover\" style=\"padding-top:56.25%;\">\n  \t\t\t\t\t\t\t<img loading=\"lazy\" decoding=\"async\" width=\"2500\" height=\"1308\" src=\"https:\/\/www.tmfcyclingpad.com\/wp-content\/uploads\/2024\/06\/Eurobike-2024-2.webp\" class=\"attachment-original size-original wp-post-image\" alt=\"\" srcset=\"https:\/\/www.tmfcyclingpad.com\/wp-content\/uploads\/2024\/06\/Eurobike-2024-2.webp 2500w, https:\/\/www.tmfcyclingpad.com\/wp-content\/uploads\/2024\/06\/Eurobike-2024-2-300x157.webp 300w, https:\/\/www.tmfcyclingpad.com\/wp-content\/uploads\/2024\/06\/Eurobike-2024-2-1024x536.webp 1024w, https:\/\/www.tmfcyclingpad.com\/wp-content\/uploads\/2024\/06\/Eurobike-2024-2-768x402.webp 768w, https:\/\/www.tmfcyclingpad.com\/wp-content\/uploads\/2024\/06\/Eurobike-2024-2-1536x804.webp 1536w, https:\/\/www.tmfcyclingpad.com\/wp-content\/uploads\/2024\/06\/Eurobike-2024-2-2048x1072.webp 2048w\" sizes=\"auto, (max-width: 2500px) 100vw, 2500px\" \/>  \t\t\t\t\t\t\t  \t\t\t\t\t\t\t  \t\t\t\t\t\t<\/div>\n  \t\t\t\t\t\t  \t\t\t\t\t<\/div>\n          \t\t\t\t\t<div class=\"box-text text-center\" style=\"background-color:rgb(255, 255, 255);\">\n\t\t\t\t\t<div class=\"box-text-inner blog-post-inner\">\n\n\t\t\t\t\t\n\t\t\t\t\t\t\t\t\t\t\t<p class=\"cat-label  is-xxsmall op-7 uppercase\">\n\t\t\t\t\tFiere \t\t\t\t\t<\/p>\n\t\t\t\t\t\t\t\t\t\t<h5 class=\"post-title is-large \">TMF alla Fiera Eurobike di Francoforte 2024: scopri il nuovo Fondello ProFlex, tecnologia avanzata per la massima traspirabilit\u00e0<\/h5>\n\t\t\t\t\t\t\t\t\t\t<div class=\"is-divider\"><\/div>\n\t\t\t\t\t\t\t\t\t\t<p class=\"from_the_blog_excerpt \">Dal 3 al 5 luglio 2024, i responsabili di TMF ti aspettano a Eurobike, l&#8217;imperdibile evento a Francoforte per tutti gli appassionati e professionisti del ciclismo. Sicuramente tra le principali fiere internazionali dedicate al mondo [...]\t\t\t\t\t<\/p>\n\t\t\t\t\t                    \n\t\t\t\t\t\t\t\t\t\t\t<button href=\"https:\/\/www.tmfcyclingpad.com\/it\/tmf-alla-fiera-eurobike-di-francoforte-2024-scopri-il-nuovo-fondello-proflex-tecnologia-avanzata-per-la-massima-traspirabilita\/\" class=\"button primary is-gloss is-small mb-0\">\n\t\t\t\t\t\t\tLeggi tutto\t\t\t\t\t\t<\/button>\n\t\t\t\t\t\n\t\t\t\t\t\n\t\t\t\t\t<\/div>\n\t\t\t\t\t<\/div>\n\t\t\t\t\t\t\t\t\t\t\t\t\t\t\t\t<div class=\"badge absolute top post-date badge-outline\">\n\t\t\t\t\t\t\t<div class=\"badge-inner\">\n\t\t\t\t\t\t\t\t<span class=\"post-date-day\">13<\/span><br>\n\t\t\t\t\t\t\t\t<span class=\"post-date-month is-xsmall\">Giu<\/span>\n\t\t\t\t\t\t\t<\/div>\n\t\t\t\t\t\t<\/div>\n\t\t\t\t\t\t\t\t\t<\/div>\n\t\t\t\t<\/a>\n\t\t\t<\/div>\n\t\t<\/div><div class=\"col post-item\" >\n\t\t\t<div class=\"col-inner\">\n\t\t\t<a href=\"https:\/\/www.tmfcyclingpad.com\/it\/cura-del-cliente-il-segreto-di-tmf-per-il-fondello-perfetto\/\" class=\"plain\">\n\t\t\t\t<div class=\"box box-normal box-text-bottom box-blog-post has-hover\">\n            \t\t\t\t\t<div class=\"box-image\" >\n  \t\t\t\t\t\t<div class=\"image-zoom image-cover\" style=\"padding-top:56.25%;\">\n  \t\t\t\t\t\t\t<img loading=\"lazy\" decoding=\"async\" width=\"1200\" height=\"628\" src=\"https:\/\/www.tmfcyclingpad.com\/wp-content\/uploads\/2024\/05\/fondello-perfetto_v2.webp\" class=\"attachment-original size-original wp-post-image\" alt=\"\" srcset=\"https:\/\/www.tmfcyclingpad.com\/wp-content\/uploads\/2024\/05\/fondello-perfetto_v2.webp 1200w, https:\/\/www.tmfcyclingpad.com\/wp-content\/uploads\/2024\/05\/fondello-perfetto_v2-300x157.webp 300w, https:\/\/www.tmfcyclingpad.com\/wp-content\/uploads\/2024\/05\/fondello-perfetto_v2-1024x536.webp 1024w, https:\/\/www.tmfcyclingpad.com\/wp-content\/uploads\/2024\/05\/fondello-perfetto_v2-768x402.webp 768w\" sizes=\"auto, (max-width: 1200px) 100vw, 1200px\" \/>  \t\t\t\t\t\t\t  \t\t\t\t\t\t\t  \t\t\t\t\t\t<\/div>\n  \t\t\t\t\t\t  \t\t\t\t\t<\/div>\n          \t\t\t\t\t<div class=\"box-text text-center\" style=\"background-color:rgb(255, 255, 255);\">\n\t\t\t\t\t<div class=\"box-text-inner blog-post-inner\">\n\n\t\t\t\t\t\n\t\t\t\t\t\t\t\t\t\t\t<p class=\"cat-label  is-xxsmall op-7 uppercase\">\n\t\t\t\t\tFilosofia TMF News \t\t\t\t\t<\/p>\n\t\t\t\t\t\t\t\t\t\t<h5 class=\"post-title is-large \">Cura del cliente: il segreto di TMF per il fondello perfetto<\/h5>\n\t\t\t\t\t\t\t\t\t\t<div class=\"is-divider\"><\/div>\n\t\t\t\t\t\t\t\t\t\t<p class=\"from_the_blog_excerpt \">Attenzione al dettaglio: la promessa di TMF Nel mondo del ciclismo, il comfort durante la pedalata \u00e8 cruciale, e TMF si impegna a garantire che ogni ciclista possa godere di un&#8217;esperienza superiore. La nostra missione [...]\t\t\t\t\t<\/p>\n\t\t\t\t\t                    \n\t\t\t\t\t\t\t\t\t\t\t<button href=\"https:\/\/www.tmfcyclingpad.com\/it\/cura-del-cliente-il-segreto-di-tmf-per-il-fondello-perfetto\/\" class=\"button primary is-gloss is-small mb-0\">\n\t\t\t\t\t\t\tLeggi tutto\t\t\t\t\t\t<\/button>\n\t\t\t\t\t\n\t\t\t\t\t\n\t\t\t\t\t<\/div>\n\t\t\t\t\t<\/div>\n\t\t\t\t\t\t\t\t\t\t\t\t\t\t\t\t<div class=\"badge absolute top post-date badge-outline\">\n\t\t\t\t\t\t\t<div class=\"badge-inner\">\n\t\t\t\t\t\t\t\t<span class=\"post-date-day\">29<\/span><br>\n\t\t\t\t\t\t\t\t<span class=\"post-date-month is-xsmall\">Mag<\/span>\n\t\t\t\t\t\t\t<\/div>\n\t\t\t\t\t\t<\/div>\n\t\t\t\t\t\t\t\t\t<\/div>\n\t\t\t\t<\/a>\n\t\t\t<\/div>\n\t\t<\/div><div class=\"col post-item\" >\n\t\t\t<div class=\"col-inner\">\n\t\t\t<a href=\"https:\/\/www.tmfcyclingpad.com\/it\/larte-del-fondello-su-misura\/\" class=\"plain\">\n\t\t\t\t<div class=\"box box-normal box-text-bottom box-blog-post has-hover\">\n            \t\t\t\t\t<div class=\"box-image\" >\n  \t\t\t\t\t\t<div class=\"image-zoom image-cover\" style=\"padding-top:56.25%;\">\n  \t\t\t\t\t\t\t<img loading=\"lazy\" decoding=\"async\" width=\"1200\" height=\"628\" src=\"https:\/\/www.tmfcyclingpad.com\/wp-content\/uploads\/2024\/04\/The-Art-of-a-customized-pad_v3.webp\" class=\"attachment-original size-original wp-post-image\" alt=\"\" srcset=\"https:\/\/www.tmfcyclingpad.com\/wp-content\/uploads\/2024\/04\/The-Art-of-a-customized-pad_v3.webp 1200w, https:\/\/www.tmfcyclingpad.com\/wp-content\/uploads\/2024\/04\/The-Art-of-a-customized-pad_v3-300x157.webp 300w, https:\/\/www.tmfcyclingpad.com\/wp-content\/uploads\/2024\/04\/The-Art-of-a-customized-pad_v3-1024x536.webp 1024w, https:\/\/www.tmfcyclingpad.com\/wp-content\/uploads\/2024\/04\/The-Art-of-a-customized-pad_v3-768x402.webp 768w\" sizes=\"auto, (max-width: 1200px) 100vw, 1200px\" \/>  \t\t\t\t\t\t\t  \t\t\t\t\t\t\t  \t\t\t\t\t\t<\/div>\n  \t\t\t\t\t\t  \t\t\t\t\t<\/div>\n          \t\t\t\t\t<div class=\"box-text text-center\" style=\"background-color:rgb(255, 255, 255);\">\n\t\t\t\t\t<div class=\"box-text-inner blog-post-inner\">\n\n\t\t\t\t\t\n\t\t\t\t\t\t\t\t\t\t\t<p class=\"cat-label  is-xxsmall op-7 uppercase\">\n\t\t\t\t\tFilosofia TMF News \t\t\t\t\t<\/p>\n\t\t\t\t\t\t\t\t\t\t<h5 class=\"post-title is-large \">L&#8217;arte del fondello su misura<\/h5>\n\t\t\t\t\t\t\t\t\t\t<div class=\"is-divider\"><\/div>\n\t\t\t\t\t\t\t\t\t\t<p class=\"from_the_blog_excerpt \">Nel settore ciclistico odierno, dove la competizione si fa sempre pi\u00f9 serrata e la ricerca della performance si sposa con l&#8217;esigenza di comfort e durabilit\u00e0, TMF ha scelto un approccio che fonde tradizione artigianale ed [...]\t\t\t\t\t<\/p>\n\t\t\t\t\t                    \n\t\t\t\t\t\t\t\t\t\t\t<button href=\"https:\/\/www.tmfcyclingpad.com\/it\/larte-del-fondello-su-misura\/\" class=\"button primary is-gloss is-small mb-0\">\n\t\t\t\t\t\t\tLeggi tutto\t\t\t\t\t\t<\/button>\n\t\t\t\t\t\n\t\t\t\t\t\n\t\t\t\t\t<\/div>\n\t\t\t\t\t<\/div>\n\t\t\t\t\t\t\t\t\t\t\t\t\t\t\t\t<div class=\"badge absolute top post-date badge-outline\">\n\t\t\t\t\t\t\t<div class=\"badge-inner\">\n\t\t\t\t\t\t\t\t<span class=\"post-date-day\">22<\/span><br>\n\t\t\t\t\t\t\t\t<span class=\"post-date-month is-xsmall\">Mag<\/span>\n\t\t\t\t\t\t\t<\/div>\n\t\t\t\t\t\t<\/div>\n\t\t\t\t\t\t\t\t\t<\/div>\n\t\t\t\t<\/a>\n\t\t\t<\/div>\n\t\t<\/div><\/div>\n\t\t<\/div>\n\t\t\t\t\t<\/div>\n\n\t\n<\/div>\n\t\t<\/div>\n\n\t\t\n<style>\n#section_1320316812 {\n  padding-top: 45px;\n  padding-bottom: 45px;\n}\n#section_1320316812 .ux-shape-divider--top svg {\n  height: 150px;\n  --divider-top-width: 100%;\n}\n#section_1320316812 .ux-shape-divider--bottom svg {\n  height: 150px;\n  --divider-width: 100%;\n}\n<\/style>\n\t<\/section>\n\t\n","protected":false},"excerpt":{"rendered":"","protected":false},"author":3,"featured_media":0,"parent":0,"menu_order":0,"comment_status":"closed","ping_status":"closed","template":"page-blank.php","meta":{"footnotes":""},"class_list":["post-24144","page","type-page","status-publish","hentry"],"yoast_head":"<!-- This site is optimized with the Yoast SEO plugin v27.1.1 - https:\/\/yoast.com\/product\/yoast-seo-wordpress\/ -->\n<title>Blog - TMF<\/title>\n<meta name=\"robots\" content=\"index, follow, max-snippet:-1, max-image-preview:large, max-video-preview:-1\" \/>\n<link rel=\"canonical\" href=\"https:\/\/www.tmfcyclingpad.com\/it\/blog\/\" \/>\n<meta property=\"og:locale\" content=\"it_IT\" \/>\n<meta property=\"og:type\" content=\"article\" \/>\n<meta property=\"og:title\" content=\"Blog - TMF\" \/>\n<meta property=\"og:url\" content=\"https:\/\/www.tmfcyclingpad.com\/it\/blog\/\" \/>\n<meta property=\"og:site_name\" content=\"TMF\" \/>\n<meta property=\"article:modified_time\" content=\"2025-07-07T04:18:34+00:00\" \/>\n<meta name=\"twitter:card\" content=\"summary_large_image\" \/>\n<meta name=\"twitter:label1\" content=\"Tempo di lettura stimato\" \/>\n\t<meta name=\"twitter:data1\" content=\"1 minuto\" \/>\n<script type=\"application\/ld+json\" class=\"yoast-schema-graph\">{\"@context\":\"https:\/\/schema.org\",\"@graph\":[{\"@type\":\"WebPage\",\"@id\":\"https:\/\/www.tmfcyclingpad.com\/it\/blog\/\",\"url\":\"https:\/\/www.tmfcyclingpad.com\/it\/blog\/\",\"name\":\"Blog - TMF\",\"isPartOf\":{\"@id\":\"https:\/\/www.tmfcyclingpad.com\/#website\"},\"datePublished\":\"2024-05-31T07:21:33+00:00\",\"dateModified\":\"2025-07-07T04:18:34+00:00\",\"breadcrumb\":{\"@id\":\"https:\/\/www.tmfcyclingpad.com\/it\/blog\/#breadcrumb\"},\"inLanguage\":\"it-IT\",\"potentialAction\":[{\"@type\":\"ReadAction\",\"target\":[\"https:\/\/www.tmfcyclingpad.com\/it\/blog\/\"]}]},{\"@type\":\"BreadcrumbList\",\"@id\":\"https:\/\/www.tmfcyclingpad.com\/it\/blog\/#breadcrumb\",\"itemListElement\":[{\"@type\":\"ListItem\",\"position\":1,\"name\":\"Home\",\"item\":\"https:\/\/www.tmfcyclingpad.com\/it\/\"},{\"@type\":\"ListItem\",\"position\":2,\"name\":\"Blog\"}]},{\"@type\":\"WebSite\",\"@id\":\"https:\/\/www.tmfcyclingpad.com\/#website\",\"url\":\"https:\/\/www.tmfcyclingpad.com\/\",\"name\":\"TMF\",\"description\":\"Just another WordPress site\",\"potentialAction\":[{\"@type\":\"SearchAction\",\"target\":{\"@type\":\"EntryPoint\",\"urlTemplate\":\"https:\/\/www.tmfcyclingpad.com\/?s={search_term_string}\"},\"query-input\":{\"@type\":\"PropertyValueSpecification\",\"valueRequired\":true,\"valueName\":\"search_term_string\"}}],\"inLanguage\":\"it-IT\"}]}<\/script>\n<!-- \/ Yoast SEO plugin. -->","yoast_head_json":{"title":"Blog - TMF","robots":{"index":"index","follow":"follow","max-snippet":"max-snippet:-1","max-image-preview":"max-image-preview:large","max-video-preview":"max-video-preview:-1"},"canonical":"https:\/\/www.tmfcyclingpad.com\/it\/blog\/","og_locale":"it_IT","og_type":"article","og_title":"Blog - TMF","og_url":"https:\/\/www.tmfcyclingpad.com\/it\/blog\/","og_site_name":"TMF","article_modified_time":"2025-07-07T04:18:34+00:00","twitter_card":"summary_large_image","twitter_misc":{"Tempo di lettura stimato":"1 minuto"},"schema":{"@context":"https:\/\/schema.org","@graph":[{"@type":"WebPage","@id":"https:\/\/www.tmfcyclingpad.com\/it\/blog\/","url":"https:\/\/www.tmfcyclingpad.com\/it\/blog\/","name":"Blog - TMF","isPartOf":{"@id":"https:\/\/www.tmfcyclingpad.com\/#website"},"datePublished":"2024-05-31T07:21:33+00:00","dateModified":"2025-07-07T04:18:34+00:00","breadcrumb":{"@id":"https:\/\/www.tmfcyclingpad.com\/it\/blog\/#breadcrumb"},"inLanguage":"it-IT","potentialAction":[{"@type":"ReadAction","target":["https:\/\/www.tmfcyclingpad.com\/it\/blog\/"]}]},{"@type":"BreadcrumbList","@id":"https:\/\/www.tmfcyclingpad.com\/it\/blog\/#breadcrumb","itemListElement":[{"@type":"ListItem","position":1,"name":"Home","item":"https:\/\/www.tmfcyclingpad.com\/it\/"},{"@type":"ListItem","position":2,"name":"Blog"}]},{"@type":"WebSite","@id":"https:\/\/www.tmfcyclingpad.com\/#website","url":"https:\/\/www.tmfcyclingpad.com\/","name":"TMF","description":"Just another WordPress site","potentialAction":[{"@type":"SearchAction","target":{"@type":"EntryPoint","urlTemplate":"https:\/\/www.tmfcyclingpad.com\/?s={search_term_string}"},"query-input":{"@type":"PropertyValueSpecification","valueRequired":true,"valueName":"search_term_string"}}],"inLanguage":"it-IT"}]}},"_links":{"self":[{"href":"https:\/\/www.tmfcyclingpad.com\/it\/wp-json\/wp\/v2\/pages\/24144","targetHints":{"allow":["GET"]}}],"collection":[{"href":"https:\/\/www.tmfcyclingpad.com\/it\/wp-json\/wp\/v2\/pages"}],"about":[{"href":"https:\/\/www.tmfcyclingpad.com\/it\/wp-json\/wp\/v2\/types\/page"}],"author":[{"embeddable":true,"href":"https:\/\/www.tmfcyclingpad.com\/it\/wp-json\/wp\/v2\/users\/3"}],"replies":[{"embeddable":true,"href":"https:\/\/www.tmfcyclingpad.com\/it\/wp-json\/wp\/v2\/comments?post=24144"}],"version-history":[{"count":8,"href":"https:\/\/www.tmfcyclingpad.com\/it\/wp-json\/wp\/v2\/pages\/24144\/revisions"}],"predecessor-version":[{"id":35677,"href":"https:\/\/www.tmfcyclingpad.com\/it\/wp-json\/wp\/v2\/pages\/24144\/revisions\/35677"}],"wp:attachment":[{"href":"https:\/\/www.tmfcyclingpad.com\/it\/wp-json\/wp\/v2\/media?parent=24144"}],"curies":[{"name":"wp","href":"https:\/\/api.w.org\/{rel}","templated":true}]}}